{"id":13360,"date":"2022-07-06T16:40:03","date_gmt":"2022-07-06T14:40:03","guid":{"rendered":"https:\/\/brings-online.com\/demo\/wordpress-immobilien-themes\/home-v1\/?post_type=property&#038;p=13360"},"modified":"2025-03-31T12:59:37","modified_gmt":"2025-03-31T10:59:37","slug":"ladenlokal-in-der-innenstadt-zu-vermieten","status":"publish","type":"property","link":"https:\/\/bo-themes.de\/wordpress-immobilien-themes\/home-v3\/immobilie\/ladenlokal-in-der-innenstadt-zu-vermieten\/","title":{"rendered":"Ladenlokal in der Innenstadt zu vermieten!"},"content":{"rendered":"\n<p>Lorem ipsum dolor sit amet, consectetur adipiscing elit, sed do eiusmod tempor incididunt ut labore et dolore magna aliqua. Accumsan in nisl nisi scelerisque eu ultrices vitae auctor. Eleifend mi in nulla posuere. Faucibus nisl tincidunt eget nullam non nisi est sit amet. Eget velit aliquet sagittis id consectetur purus ut faucibus pulvinar. Auctor augue mauris augue neque gravida in fermentum. <\/p>\n\n\n\n<div style=\"height:30px\" aria-hidden=\"true\" class=\"wp-block-spacer\"><\/div>\n\n\n\n<p>Urna et pharetra pharetra massa massa ultricies. Lorem ipsum dolor sit amet, consectetur adipiscing elit, sed do eiusmod tempor incididunt ut labore et dolore magna aliqua. Accumsan in nisl nisi scelerisque eu ultrices vitae auctor. Eleifend mi in nulla posuere. Faucibus nisl tincidunt eget nullam non nisi est sit amet. Eget velit aliquet sagittis id consectetur purus ut faucibus pulvinar. Auctor augue mauris augue neque gravida in fermentum. Urna et pharetra pharetra massa massa ultricies.<\/p>\n\n\n\n<div style=\"height:30px\" aria-hidden=\"true\" class=\"wp-block-spacer\"><\/div>\n\n\n\n<p><strong>Accumsan in nisl nisi scelerisque eu ultrices vitae auctor. <a href=\"#\">Eleifend mi in nulla posuere<\/a>. Faucibus nisl tincidunt eget nullam non nisi est sit amet. Eget velit aliquet sagittis id consectetur purus ut faucibus pulvinar. Auctor augue mauris augue neque gravida in fermentum. Urna et pharetra <a href=\"#\">pharetra massa <\/a>massa ultricies.<\/strong><\/p>\n\n\n\n<div style=\"height:60px\" aria-hidden=\"true\" class=\"wp-block-spacer\"><\/div>\n","protected":false},"excerpt":{"rendered":"<p>Lorem ipsum dolor sit amet, consectetur adipiscing elit, sed do eiusmod tempor incididunt ut labore et dolore magna aliqua. Accumsan in nisl nisi scelerisque eu ultrices vitae auctor. Eleifend mi in nulla posuere. Faucibus nisl tincidunt eget nullam non nisi <small>[&#8230;]<\/small><\/p>\n","protected":false},"author":1,"featured_media":16955,"template":"","meta":{"footnotes":""},"offertype":[54],"proptype":[47],"location":[32],"rooms":[],"size":[16],"price":[],"keyword":[38,42,48],"class_list":["post-13360","property","type-property","status-publish","has-post-thumbnail","hentry","offertype-vermietung","proptype-ladenlokal","location-duesseldorf","size-100-bis-125qm","keyword-fussgaengerzone","keyword-innenstadt","keyword-lagerraum"],"yoast_head":"<!-- This site is optimized with the Yoast SEO plugin v26.5 - https:\/\/yoast.com\/wordpress\/plugins\/seo\/ -->\n<title>Ladenlokal in der Innenstadt zu vermieten! - BO HOME V3<\/title>\n<meta name=\"description\" content=\"Dies ist eine Demo-Webseite f\u00fcr HOME V3 - ein Immobilien-Theme f\u00fcr WordPress von Brings - B\u00fcro f\u00fcr Webentwicklung\" \/>\n<meta name=\"robots\" content=\"index, follow, max-snippet:-1, max-image-preview:large, max-video-preview:-1\" \/>\n<link rel=\"canonical\" href=\"https:\/\/bo-themes.de\/wordpress-immobilien-themes\/home-v3\/immobilie\/ladenlokal-in-der-innenstadt-zu-vermieten\/\" \/>\n<meta property=\"og:locale\" content=\"de_DE\" \/>\n<meta property=\"og:type\" content=\"article\" \/>\n<meta property=\"og:title\" content=\"Ladenlokal in der Innenstadt zu vermieten! - BO HOME V3\" \/>\n<meta property=\"og:description\" content=\"Dies ist eine Demo-Webseite f\u00fcr HOME V3 - ein Immobilien-Theme f\u00fcr WordPress von Brings - B\u00fcro f\u00fcr Webentwicklung\" \/>\n<meta property=\"og:url\" content=\"https:\/\/bo-themes.de\/wordpress-immobilien-themes\/home-v3\/immobilie\/ladenlokal-in-der-innenstadt-zu-vermieten\/\" \/>\n<meta property=\"og:site_name\" content=\"BO HOME V3\" \/>\n<meta property=\"article:modified_time\" content=\"2025-03-31T10:59:37+00:00\" \/>\n<meta property=\"og:image\" content=\"https:\/\/bo-themes.de\/wordpress-immobilien-themes\/home-v3\/wp-content\/uploads\/sites\/4\/2023\/04\/home-immobilien-objekt2.jpg\" \/>\n\t<meta property=\"og:image:width\" content=\"2000\" \/>\n\t<meta property=\"og:image:height\" content=\"1330\" \/>\n\t<meta property=\"og:image:type\" content=\"image\/jpeg\" \/>\n<meta name=\"twitter:card\" content=\"summary_large_image\" \/>\n<meta name=\"twitter:label1\" content=\"Gesch\u00e4tzte Lesezeit\" \/>\n\t<meta name=\"twitter:data1\" content=\"2\u00a0Minuten\" \/>\n<script type=\"application\/ld+json\" class=\"yoast-schema-graph\">{\"@context\":\"https:\/\/schema.org\",\"@graph\":[{\"@type\":\"WebPage\",\"@id\":\"https:\/\/bo-themes.de\/wordpress-immobilien-themes\/home-v3\/immobilie\/ladenlokal-in-der-innenstadt-zu-vermieten\/\",\"url\":\"https:\/\/bo-themes.de\/wordpress-immobilien-themes\/home-v3\/immobilie\/ladenlokal-in-der-innenstadt-zu-vermieten\/\",\"name\":\"Ladenlokal in der Innenstadt zu vermieten! - BO HOME V3\",\"isPartOf\":{\"@id\":\"https:\/\/bo-themes.de\/wordpress-immobilien-themes\/home-v3\/#website\"},\"primaryImageOfPage\":{\"@id\":\"https:\/\/bo-themes.de\/wordpress-immobilien-themes\/home-v3\/immobilie\/ladenlokal-in-der-innenstadt-zu-vermieten\/#primaryimage\"},\"image\":{\"@id\":\"https:\/\/bo-themes.de\/wordpress-immobilien-themes\/home-v3\/immobilie\/ladenlokal-in-der-innenstadt-zu-vermieten\/#primaryimage\"},\"thumbnailUrl\":\"https:\/\/bo-themes.de\/wordpress-immobilien-themes\/home-v3\/wp-content\/uploads\/sites\/4\/2023\/04\/home-immobilien-objekt2.jpg\",\"datePublished\":\"2022-07-06T14:40:03+00:00\",\"dateModified\":\"2025-03-31T10:59:37+00:00\",\"description\":\"Dies ist eine Demo-Webseite f\u00fcr HOME V3 - ein Immobilien-Theme f\u00fcr WordPress von Brings - B\u00fcro f\u00fcr Webentwicklung\",\"breadcrumb\":{\"@id\":\"https:\/\/bo-themes.de\/wordpress-immobilien-themes\/home-v3\/immobilie\/ladenlokal-in-der-innenstadt-zu-vermieten\/#breadcrumb\"},\"inLanguage\":\"de\",\"potentialAction\":[{\"@type\":\"ReadAction\",\"target\":[\"https:\/\/bo-themes.de\/wordpress-immobilien-themes\/home-v3\/immobilie\/ladenlokal-in-der-innenstadt-zu-vermieten\/\"]}]},{\"@type\":\"ImageObject\",\"inLanguage\":\"de\",\"@id\":\"https:\/\/bo-themes.de\/wordpress-immobilien-themes\/home-v3\/immobilie\/ladenlokal-in-der-innenstadt-zu-vermieten\/#primaryimage\",\"url\":\"https:\/\/bo-themes.de\/wordpress-immobilien-themes\/home-v3\/wp-content\/uploads\/sites\/4\/2023\/04\/home-immobilien-objekt2.jpg\",\"contentUrl\":\"https:\/\/bo-themes.de\/wordpress-immobilien-themes\/home-v3\/wp-content\/uploads\/sites\/4\/2023\/04\/home-immobilien-objekt2.jpg\",\"width\":2000,\"height\":1330,\"caption\":\"BO HOME - Immobilien Theme f\u00fcr WordPress - Testbild\"},{\"@type\":\"BreadcrumbList\",\"@id\":\"https:\/\/bo-themes.de\/wordpress-immobilien-themes\/home-v3\/immobilie\/ladenlokal-in-der-innenstadt-zu-vermieten\/#breadcrumb\",\"itemListElement\":[{\"@type\":\"ListItem\",\"position\":1,\"name\":\"Startseite\",\"item\":\"https:\/\/bo-themes.de\/wordpress-immobilien-themes\/home-v3\/\"},{\"@type\":\"ListItem\",\"position\":2,\"name\":\"Immobilien\",\"item\":\"https:\/\/bo-themes.de\/wordpress-immobilien-themes\/home-v3\/immobilie\/\"},{\"@type\":\"ListItem\",\"position\":3,\"name\":\"Ladenlokal in der Innenstadt zu vermieten!\"}]},{\"@type\":\"WebSite\",\"@id\":\"https:\/\/bo-themes.de\/wordpress-immobilien-themes\/home-v3\/#website\",\"url\":\"https:\/\/bo-themes.de\/wordpress-immobilien-themes\/home-v3\/\",\"name\":\"BO HOME V3 - Immobilien-Theme f\u00fcr WordPress\",\"description\":\"\",\"publisher\":{\"@id\":\"https:\/\/bo-themes.de\/wordpress-immobilien-themes\/home-v3\/#organization\"},\"alternateName\":\"BO HOME V3\",\"potentialAction\":[{\"@type\":\"SearchAction\",\"target\":{\"@type\":\"EntryPoint\",\"urlTemplate\":\"https:\/\/bo-themes.de\/wordpress-immobilien-themes\/home-v3\/?s={search_term_string}\"},\"query-input\":{\"@type\":\"PropertyValueSpecification\",\"valueRequired\":true,\"valueName\":\"search_term_string\"}}],\"inLanguage\":\"de\"},{\"@type\":\"Organization\",\"@id\":\"https:\/\/bo-themes.de\/wordpress-immobilien-themes\/home-v3\/#organization\",\"name\":\"BO HOME V3 - Immobilien-Theme f\u00fcr WordPress\",\"alternateName\":\"BO HOME V3\",\"url\":\"https:\/\/bo-themes.de\/wordpress-immobilien-themes\/home-v3\/\",\"logo\":{\"@type\":\"ImageObject\",\"inLanguage\":\"de\",\"@id\":\"https:\/\/bo-themes.de\/wordpress-immobilien-themes\/home-v3\/#\/schema\/logo\/image\/\",\"url\":\"https:\/\/bo-themes.de\/wordpress-immobilien-themes\/home-v3\/wp-content\/uploads\/sites\/4\/2025\/03\/brings-online-themes-icon.png\",\"contentUrl\":\"https:\/\/bo-themes.de\/wordpress-immobilien-themes\/home-v3\/wp-content\/uploads\/sites\/4\/2025\/03\/brings-online-themes-icon.png\",\"width\":512,\"height\":512,\"caption\":\"BO HOME V3 - Immobilien-Theme f\u00fcr WordPress\"},\"image\":{\"@id\":\"https:\/\/bo-themes.de\/wordpress-immobilien-themes\/home-v3\/#\/schema\/logo\/image\/\"}}]}<\/script>\n<!-- \/ Yoast SEO plugin. -->","yoast_head_json":{"title":"Ladenlokal in der Innenstadt zu vermieten! - BO HOME V3","description":"Dies ist eine Demo-Webseite f\u00fcr HOME V3 - ein Immobilien-Theme f\u00fcr WordPress von Brings - B\u00fcro f\u00fcr Webentwicklung","robots":{"index":"index","follow":"follow","max-snippet":"max-snippet:-1","max-image-preview":"max-image-preview:large","max-video-preview":"max-video-preview:-1"},"canonical":"https:\/\/bo-themes.de\/wordpress-immobilien-themes\/home-v3\/immobilie\/ladenlokal-in-der-innenstadt-zu-vermieten\/","og_locale":"de_DE","og_type":"article","og_title":"Ladenlokal in der Innenstadt zu vermieten! - BO HOME V3","og_description":"Dies ist eine Demo-Webseite f\u00fcr HOME V3 - ein Immobilien-Theme f\u00fcr WordPress von Brings - B\u00fcro f\u00fcr Webentwicklung","og_url":"https:\/\/bo-themes.de\/wordpress-immobilien-themes\/home-v3\/immobilie\/ladenlokal-in-der-innenstadt-zu-vermieten\/","og_site_name":"BO HOME V3","article_modified_time":"2025-03-31T10:59:37+00:00","og_image":[{"width":2000,"height":1330,"url":"https:\/\/bo-themes.de\/wordpress-immobilien-themes\/home-v3\/wp-content\/uploads\/sites\/4\/2023\/04\/home-immobilien-objekt2.jpg","type":"image\/jpeg"}],"twitter_card":"summary_large_image","twitter_misc":{"Gesch\u00e4tzte Lesezeit":"2\u00a0Minuten"},"schema":{"@context":"https:\/\/schema.org","@graph":[{"@type":"WebPage","@id":"https:\/\/bo-themes.de\/wordpress-immobilien-themes\/home-v3\/immobilie\/ladenlokal-in-der-innenstadt-zu-vermieten\/","url":"https:\/\/bo-themes.de\/wordpress-immobilien-themes\/home-v3\/immobilie\/ladenlokal-in-der-innenstadt-zu-vermieten\/","name":"Ladenlokal in der Innenstadt zu vermieten! - BO HOME V3","isPartOf":{"@id":"https:\/\/bo-themes.de\/wordpress-immobilien-themes\/home-v3\/#website"},"primaryImageOfPage":{"@id":"https:\/\/bo-themes.de\/wordpress-immobilien-themes\/home-v3\/immobilie\/ladenlokal-in-der-innenstadt-zu-vermieten\/#primaryimage"},"image":{"@id":"https:\/\/bo-themes.de\/wordpress-immobilien-themes\/home-v3\/immobilie\/ladenlokal-in-der-innenstadt-zu-vermieten\/#primaryimage"},"thumbnailUrl":"https:\/\/bo-themes.de\/wordpress-immobilien-themes\/home-v3\/wp-content\/uploads\/sites\/4\/2023\/04\/home-immobilien-objekt2.jpg","datePublished":"2022-07-06T14:40:03+00:00","dateModified":"2025-03-31T10:59:37+00:00","description":"Dies ist eine Demo-Webseite f\u00fcr HOME V3 - ein Immobilien-Theme f\u00fcr WordPress von Brings - B\u00fcro f\u00fcr Webentwicklung","breadcrumb":{"@id":"https:\/\/bo-themes.de\/wordpress-immobilien-themes\/home-v3\/immobilie\/ladenlokal-in-der-innenstadt-zu-vermieten\/#breadcrumb"},"inLanguage":"de","potentialAction":[{"@type":"ReadAction","target":["https:\/\/bo-themes.de\/wordpress-immobilien-themes\/home-v3\/immobilie\/ladenlokal-in-der-innenstadt-zu-vermieten\/"]}]},{"@type":"ImageObject","inLanguage":"de","@id":"https:\/\/bo-themes.de\/wordpress-immobilien-themes\/home-v3\/immobilie\/ladenlokal-in-der-innenstadt-zu-vermieten\/#primaryimage","url":"https:\/\/bo-themes.de\/wordpress-immobilien-themes\/home-v3\/wp-content\/uploads\/sites\/4\/2023\/04\/home-immobilien-objekt2.jpg","contentUrl":"https:\/\/bo-themes.de\/wordpress-immobilien-themes\/home-v3\/wp-content\/uploads\/sites\/4\/2023\/04\/home-immobilien-objekt2.jpg","width":2000,"height":1330,"caption":"BO HOME - Immobilien Theme f\u00fcr WordPress - Testbild"},{"@type":"BreadcrumbList","@id":"https:\/\/bo-themes.de\/wordpress-immobilien-themes\/home-v3\/immobilie\/ladenlokal-in-der-innenstadt-zu-vermieten\/#breadcrumb","itemListElement":[{"@type":"ListItem","position":1,"name":"Startseite","item":"https:\/\/bo-themes.de\/wordpress-immobilien-themes\/home-v3\/"},{"@type":"ListItem","position":2,"name":"Immobilien","item":"https:\/\/bo-themes.de\/wordpress-immobilien-themes\/home-v3\/immobilie\/"},{"@type":"ListItem","position":3,"name":"Ladenlokal in der Innenstadt zu vermieten!"}]},{"@type":"WebSite","@id":"https:\/\/bo-themes.de\/wordpress-immobilien-themes\/home-v3\/#website","url":"https:\/\/bo-themes.de\/wordpress-immobilien-themes\/home-v3\/","name":"BO HOME V3 - Immobilien-Theme f\u00fcr WordPress","description":"","publisher":{"@id":"https:\/\/bo-themes.de\/wordpress-immobilien-themes\/home-v3\/#organization"},"alternateName":"BO HOME V3","potentialAction":[{"@type":"SearchAction","target":{"@type":"EntryPoint","urlTemplate":"https:\/\/bo-themes.de\/wordpress-immobilien-themes\/home-v3\/?s={search_term_string}"},"query-input":{"@type":"PropertyValueSpecification","valueRequired":true,"valueName":"search_term_string"}}],"inLanguage":"de"},{"@type":"Organization","@id":"https:\/\/bo-themes.de\/wordpress-immobilien-themes\/home-v3\/#organization","name":"BO HOME V3 - Immobilien-Theme f\u00fcr WordPress","alternateName":"BO HOME V3","url":"https:\/\/bo-themes.de\/wordpress-immobilien-themes\/home-v3\/","logo":{"@type":"ImageObject","inLanguage":"de","@id":"https:\/\/bo-themes.de\/wordpress-immobilien-themes\/home-v3\/#\/schema\/logo\/image\/","url":"https:\/\/bo-themes.de\/wordpress-immobilien-themes\/home-v3\/wp-content\/uploads\/sites\/4\/2025\/03\/brings-online-themes-icon.png","contentUrl":"https:\/\/bo-themes.de\/wordpress-immobilien-themes\/home-v3\/wp-content\/uploads\/sites\/4\/2025\/03\/brings-online-themes-icon.png","width":512,"height":512,"caption":"BO HOME V3 - Immobilien-Theme f\u00fcr WordPress"},"image":{"@id":"https:\/\/bo-themes.de\/wordpress-immobilien-themes\/home-v3\/#\/schema\/logo\/image\/"}}]}},"_links":{"self":[{"href":"https:\/\/bo-themes.de\/wordpress-immobilien-themes\/home-v3\/wp-json\/wp\/v2\/property\/13360","targetHints":{"allow":["GET"]}}],"collection":[{"href":"https:\/\/bo-themes.de\/wordpress-immobilien-themes\/home-v3\/wp-json\/wp\/v2\/property"}],"about":[{"href":"https:\/\/bo-themes.de\/wordpress-immobilien-themes\/home-v3\/wp-json\/wp\/v2\/types\/property"}],"author":[{"embeddable":true,"href":"https:\/\/bo-themes.de\/wordpress-immobilien-themes\/home-v3\/wp-json\/wp\/v2\/users\/1"}],"version-history":[{"count":1,"href":"https:\/\/bo-themes.de\/wordpress-immobilien-themes\/home-v3\/wp-json\/wp\/v2\/property\/13360\/revisions"}],"predecessor-version":[{"id":18964,"href":"https:\/\/bo-themes.de\/wordpress-immobilien-themes\/home-v3\/wp-json\/wp\/v2\/property\/13360\/revisions\/18964"}],"wp:featuredmedia":[{"embeddable":true,"href":"https:\/\/bo-themes.de\/wordpress-immobilien-themes\/home-v3\/wp-json\/wp\/v2\/media\/16955"}],"wp:attachment":[{"href":"https:\/\/bo-themes.de\/wordpress-immobilien-themes\/home-v3\/wp-json\/wp\/v2\/media?parent=13360"}],"wp:term":[{"taxonomy":"offertype","embeddable":true,"href":"https:\/\/bo-themes.de\/wordpress-immobilien-themes\/home-v3\/wp-json\/wp\/v2\/offertype?post=13360"},{"taxonomy":"proptype","embeddable":true,"href":"https:\/\/bo-themes.de\/wordpress-immobilien-themes\/home-v3\/wp-json\/wp\/v2\/proptype?post=13360"},{"taxonomy":"location","embeddable":true,"href":"https:\/\/bo-themes.de\/wordpress-immobilien-themes\/home-v3\/wp-json\/wp\/v2\/location?post=13360"},{"taxonomy":"rooms","embeddable":true,"href":"https:\/\/bo-themes.de\/wordpress-immobilien-themes\/home-v3\/wp-json\/wp\/v2\/rooms?post=13360"},{"taxonomy":"size","embeddable":true,"href":"https:\/\/bo-themes.de\/wordpress-immobilien-themes\/home-v3\/wp-json\/wp\/v2\/size?post=13360"},{"taxonomy":"price","embeddable":true,"href":"https:\/\/bo-themes.de\/wordpress-immobilien-themes\/home-v3\/wp-json\/wp\/v2\/price?post=13360"},{"taxonomy":"keyword","embeddable":true,"href":"https:\/\/bo-themes.de\/wordpress-immobilien-themes\/home-v3\/wp-json\/wp\/v2\/keyword?post=13360"}],"curies":[{"name":"wp","href":"https:\/\/api.w.org\/{rel}","templated":true}]}}