{"id":14663,"date":"2022-08-19T18:34:55","date_gmt":"2022-08-19T16:34:55","guid":{"rendered":"https:\/\/brings-online.com\/demo\/wordpress-immobilien-themes\/home-v1\/?page_id=14663"},"modified":"2025-04-11T15:04:22","modified_gmt":"2025-04-11T13:04:22","slug":"landing-beispiel-2","status":"publish","type":"page","link":"https:\/\/bo-themes.de\/wordpress-immobilien-themes\/home-v1\/start\/landing-beispiel-2\/","title":{"rendered":"LandingPage\/onePage &#8211; V2"},"content":{"rendered":"<section class=\"bo-block-cta-section alignfull \" style=\"background-image: url('https:\/\/bo-themes.de\/wordpress-immobilien-themes\/home-v1\/wp-content\/uploads\/sites\/2\/2022\/10\/home-immobilien-back-1.jpg'); background-attachment:fixed; background-color:#ffffff; \">\n\t\n\t<div class=\"bo-block-cta-overlay animated fadeIn\" style=\"background-color: rgba(0, 0, 0, 0);\">\n<div class=\"bo-block-cta-container animated fadeIn\" style=\"justify-content:flex-start;align-items:flex-start;padding-top:100px; min-height:calc(100vH - 120px);\">\n<div class=\"bo-block-cta-wrapper animated fadeIn  bo-cta-has-custom-tbg\" style=\"text-align:left; background:#DADEE1; \">\n\t\n<h1 class=\"bo-block-cta-heading bo-cta-has-custom-hsize bo-cta-has-custom-hcolor\" style=\"font-size:40px;color:#363636;\">Max Mustermann Immobilien<\/h1> \n\t\n<h2 class=\"bo-block-cta-subtitle bo-cta-has-custom-tsize bo-cta-has-custom-hcolor\" style=\"font-size:24px;color:#363636;\">Wir vermitteln au\u00dfergew\u00f6hnliche Wohnimmobilien<\/h2> \t\n\t\n\t<p class=\"bo-block-cta-text  bo-cta-has-custom-tsize  bo-cta-has-custom-tcolor\" \n  style=\"font-size:17px;color:#363636;\" >Lorem ipsum dolor sit amet, consetetur sadipscing elitr, sed diam nonumy eirmod tempor invidunt ut labore et dolore.<\/p>\t\n\t\t\t\n                <div class=\"bo-block-cta-buttons bo-scroll-button\">\n\n\t\t\t\t\t\t\t\t\t\t\n<a class=\"bo-block-cta-button-1\" style=\"color:#ffffff ; background:#C5641D; \" href=\"#top\" target=\"_self\">Unsere aktuellen Angebote<\/a>\t\t\t\n\t\t\t\t\t\t\t\t\t\n<a class=\"bo-block-cta-button-2\" style=\"color:#ffffff ; background:#88878C; \" href=\"#about\" target=\"_self\">Kontaktieren Sie uns<\/a>\t\t\n\t\t\n\t<\/div>\n\t\n\t\t            <\/div>\n        <\/div>   \n    <\/div>\n<\/section>\n\n\n<div class=\"color-separator  alignfull\" style=\"height:15px; background-color: #C5641D; margin-top:0px; margin-bottom:20px;\"><\/div>\n\n\n<div style=\"height:40px\" aria-hidden=\"true\" class=\"wp-block-spacer\"><\/div>\n\n\n<a name=\"top\" id=\"top\" ><\/a>\n\n<div class=\"slogan center \">\n<div class=\"preambel\">\n<span style=\"color:#c67814;\">Immobilien<\/span>\n<\/div>\n<h2 style=\"font-size:36px;color:#484B59\" ><span class=\"slogan-mobile\">Aktuelle Top-Angebote<\/span><\/h2><span style=\"background:#c67814\"><\/span><\/div>\n\n\n<div style=\"height:25px\" aria-hidden=\"true\" class=\"wp-block-spacer\"><\/div>\n\n\n\n<section class=\"bo-block-prop-slider desktop-slider\">\n\t\n<div class=\"slider-item-wrap\">\t\t\n<div class=\"bo-top-object-item desktop-object \"  style=\"background: #f0f1f6; color:#484B59;\">\n\t\n\t\n<div class=\"bo-top-object-col top-object-image-col\">\n<div class=\"bo-top-object-image\">\n<a href=\"https:\/\/bo-themes.de\/wordpress-immobilien-themes\/home-v1\/immobilie\/exklusives-wohnen-in-praemierter-wohnanlage\/\" title=\"Details ansehen zu Exklusives Wohnen in pr\u00e4mierter Wohnanlage\">\n<div class=\"bo-property-marker\">NEU<\/div> <img loading=\"lazy\" decoding=\"async\" width=\"650\" height=\"434\" src=\"https:\/\/bo-themes.de\/wordpress-immobilien-themes\/home-v1\/wp-content\/uploads\/sites\/2\/2019\/12\/home-immobilien-objekt1-650x434.jpg\" class=\"attachment-proplist-thumb2 size-proplist-thumb2 wp-post-image\" alt=\"HOME - WordPress Immobilien Theme\" srcset=\"https:\/\/bo-themes.de\/wordpress-immobilien-themes\/home-v1\/wp-content\/uploads\/sites\/2\/2019\/12\/home-immobilien-objekt1-650x434.jpg 650w, https:\/\/bo-themes.de\/wordpress-immobilien-themes\/home-v1\/wp-content\/uploads\/sites\/2\/2019\/12\/home-immobilien-objekt1-300x200.jpg 300w, https:\/\/bo-themes.de\/wordpress-immobilien-themes\/home-v1\/wp-content\/uploads\/sites\/2\/2019\/12\/home-immobilien-objekt1-1024x682.jpg 1024w, https:\/\/bo-themes.de\/wordpress-immobilien-themes\/home-v1\/wp-content\/uploads\/sites\/2\/2019\/12\/home-immobilien-objekt1-768x512.jpg 768w, https:\/\/bo-themes.de\/wordpress-immobilien-themes\/home-v1\/wp-content\/uploads\/sites\/2\/2019\/12\/home-immobilien-objekt1-430x287.jpg 430w, https:\/\/bo-themes.de\/wordpress-immobilien-themes\/home-v1\/wp-content\/uploads\/sites\/2\/2019\/12\/home-immobilien-objekt1-424x283.jpg 424w, https:\/\/bo-themes.de\/wordpress-immobilien-themes\/home-v1\/wp-content\/uploads\/sites\/2\/2019\/12\/home-immobilien-objekt1-824x550.jpg 824w, https:\/\/bo-themes.de\/wordpress-immobilien-themes\/home-v1\/wp-content\/uploads\/sites\/2\/2019\/12\/home-immobilien-objekt1-1648x1100.jpg 1648w, https:\/\/bo-themes.de\/wordpress-immobilien-themes\/home-v1\/wp-content\/uploads\/sites\/2\/2019\/12\/home-immobilien-objekt1-1300x868.jpg 1300w, https:\/\/bo-themes.de\/wordpress-immobilien-themes\/home-v1\/wp-content\/uploads\/sites\/2\/2019\/12\/home-immobilien-objekt1-848x566.jpg 848w, https:\/\/bo-themes.de\/wordpress-immobilien-themes\/home-v1\/wp-content\/uploads\/sites\/2\/2019\/12\/home-immobilien-objekt1-325x217.jpg 325w, https:\/\/bo-themes.de\/wordpress-immobilien-themes\/home-v1\/wp-content\/uploads\/sites\/2\/2019\/12\/home-immobilien-objekt1.jpg 2000w\" sizes=\"auto, (max-width: 650px) 100vw, 650px\" \/><\/a> <\/div><\/div>\n\t\n\t\n<div class=\"bo-top-object-col top-content-col\">\n<div class=\"bo-top-object-content\">\n <div class=\"bo-top-object-topdetails\">\n\t\t\n<div class=\"bo-top-object-tax\">             \nD\u00fcsseldorf\t&nbsp; | &nbsp; Wohnung<\/div>  \n\t <h2><a style=\"color:#484B59;\" href=\"https:\/\/bo-themes.de\/wordpress-immobilien-themes\/home-v1\/immobilie\/exklusives-wohnen-in-praemierter-wohnanlage\/\" title=\"Details ansehen zu Exklusives Wohnen in pr\u00e4mierter Wohnanlage\">Exklusives Wohnen in pr\u00e4mierter Wohnanlage<\/a><\/h2>\n\t\t\t\t<div class=\"bo-top-object-desc\"><p>Lorem ipsum dolor sit amet, consectetur adipiscing elit, sed do eiusmod tempor incididunt ut labore et dolore magna aliqua. Accumsan in nisl nisi scelerisque eu ultrices vitae auctor. Eleifend mi [&#8230;]<\/p><\/div>\n\t\n\t<\/div>\n<div class=\"bo-top-object-details\" style=\"background: #EAEBEF;\">\n<div class=\"bo-top-object-price\">\n375.000,-&nbsp;EUR&nbsp;   \n<\/div>\n<span class=\"prop-size\"><i class=\"icofont-drag1\"><\/i>\n93m&sup2;&nbsp; \n<\/span><span class=\"prop-rooms\"><i class=\"icofont-key-hole\"><\/i>\n3 Zimmer<\/span>\n<span class=\"prop-bathrooms\"><i class=\"icofont-bathtub\"><\/i> 1&nbsp;Badezimmer<\/span><\/div>\n<\/div><!-- content -->\t\t\n<\/div><!-- col -->\n\t\n\t\t\n\t\n<\/div><!-- d item -->\n<\/div><!-- wrap -->\n\n\t\n<div class=\"slider-item-wrap\">\t\t\n<div class=\"bo-top-object-item desktop-object \"  style=\"background: #f0f1f6; color:#484B59;\">\n\t\n\t\n<div class=\"bo-top-object-col top-object-image-col\">\n<div class=\"bo-top-object-image\">\n<a href=\"https:\/\/bo-themes.de\/wordpress-immobilien-themes\/home-v1\/immobilie\/ladenlokal-in-der-innenstadt-zu-vermieten\/\" title=\"Details ansehen zu Ladenlokal in der Innenstadt zu vermieten!\">\n<img loading=\"lazy\" decoding=\"async\" width=\"650\" height=\"434\" src=\"https:\/\/bo-themes.de\/wordpress-immobilien-themes\/home-v1\/wp-content\/uploads\/sites\/2\/2019\/12\/home-immobilien-objekt2-650x434.jpg\" class=\"attachment-proplist-thumb2 size-proplist-thumb2 wp-post-image\" alt=\"HOME - WordPress Immobilien Theme\" srcset=\"https:\/\/bo-themes.de\/wordpress-immobilien-themes\/home-v1\/wp-content\/uploads\/sites\/2\/2019\/12\/home-immobilien-objekt2-650x434.jpg 650w, https:\/\/bo-themes.de\/wordpress-immobilien-themes\/home-v1\/wp-content\/uploads\/sites\/2\/2019\/12\/home-immobilien-objekt2-424x283.jpg 424w, https:\/\/bo-themes.de\/wordpress-immobilien-themes\/home-v1\/wp-content\/uploads\/sites\/2\/2019\/12\/home-immobilien-objekt2-824x550.jpg 824w, https:\/\/bo-themes.de\/wordpress-immobilien-themes\/home-v1\/wp-content\/uploads\/sites\/2\/2019\/12\/home-immobilien-objekt2-1648x1100.jpg 1648w, https:\/\/bo-themes.de\/wordpress-immobilien-themes\/home-v1\/wp-content\/uploads\/sites\/2\/2019\/12\/home-immobilien-objekt2-1300x868.jpg 1300w, https:\/\/bo-themes.de\/wordpress-immobilien-themes\/home-v1\/wp-content\/uploads\/sites\/2\/2019\/12\/home-immobilien-objekt2-848x566.jpg 848w, https:\/\/bo-themes.de\/wordpress-immobilien-themes\/home-v1\/wp-content\/uploads\/sites\/2\/2019\/12\/home-immobilien-objekt2-325x217.jpg 325w\" sizes=\"auto, (max-width: 650px) 100vw, 650px\" \/><\/a> <\/div><\/div>\n\t\n\t\n<div class=\"bo-top-object-col top-content-col\">\n<div class=\"bo-top-object-content\">\n <div class=\"bo-top-object-topdetails\">\n\t\t\n<div class=\"bo-top-object-tax\">             \nD\u00fcsseldorf\t&nbsp; | &nbsp; Ladenlokal<\/div>  \n\t <h2><a style=\"color:#484B59;\" href=\"https:\/\/bo-themes.de\/wordpress-immobilien-themes\/home-v1\/immobilie\/ladenlokal-in-der-innenstadt-zu-vermieten\/\" title=\"Details ansehen zu Ladenlokal in der Innenstadt zu vermieten!\">Ladenlokal in der Innenstadt zu vermieten!<\/a><\/h2>\n\t\t\t\t<div class=\"bo-top-object-desc\"><p>Lorem ipsum dolor sit amet, consectetur adipiscing elit, sed do eiusmod tempor incididunt ut labore et dolore magna aliqua. Accumsan in nisl nisi scelerisque eu ultrices vitae auctor. Eleifend mi [&#8230;]<\/p><\/div>\n\t\n\t<\/div>\n<div class=\"bo-top-object-details\" style=\"background: #EAEBEF;\">\n<div class=\"bo-top-object-price\">\n3.750&nbsp;EUR&nbsp;   \n<\/div>\n<span class=\"prop-size\"><i class=\"icofont-drag1\"><\/i>\n140m&sup2;&nbsp; \n<\/span><\/div>\n<\/div><!-- content -->\t\t\n<\/div><!-- col -->\n\t\n\t\t\n\t\n<\/div><!-- d item -->\n<\/div><!-- wrap -->\n\n\t\n<div class=\"slider-item-wrap\">\t\t\n<div class=\"bo-top-object-item desktop-object \"  style=\"background: #f0f1f6; color:#484B59;\">\n\t\n\t\n<div class=\"bo-top-object-col top-object-image-col\">\n<div class=\"bo-top-object-image\">\n<a href=\"https:\/\/bo-themes.de\/wordpress-immobilien-themes\/home-v1\/immobilie\/kleine-wohnung-mit-balkon-und-tageslicht-bad\/\" title=\"Details ansehen zu Kleine Wohnung mit Balkon und Tageslicht-Bad\">\n<div class=\"bo-property-marker\">Reserviert<\/div> <img loading=\"lazy\" decoding=\"async\" width=\"650\" height=\"434\" src=\"https:\/\/bo-themes.de\/wordpress-immobilien-themes\/home-v1\/wp-content\/uploads\/sites\/2\/2019\/12\/home-immobilien-objekt6-650x434.jpg\" class=\"attachment-proplist-thumb2 size-proplist-thumb2 wp-post-image\" alt=\"HOME - WordPress Immobilien Theme\" srcset=\"https:\/\/bo-themes.de\/wordpress-immobilien-themes\/home-v1\/wp-content\/uploads\/sites\/2\/2019\/12\/home-immobilien-objekt6-650x434.jpg 650w, https:\/\/bo-themes.de\/wordpress-immobilien-themes\/home-v1\/wp-content\/uploads\/sites\/2\/2019\/12\/home-immobilien-objekt6-300x200.jpg 300w, https:\/\/bo-themes.de\/wordpress-immobilien-themes\/home-v1\/wp-content\/uploads\/sites\/2\/2019\/12\/home-immobilien-objekt6-1024x682.jpg 1024w, https:\/\/bo-themes.de\/wordpress-immobilien-themes\/home-v1\/wp-content\/uploads\/sites\/2\/2019\/12\/home-immobilien-objekt6-768x512.jpg 768w, https:\/\/bo-themes.de\/wordpress-immobilien-themes\/home-v1\/wp-content\/uploads\/sites\/2\/2019\/12\/home-immobilien-objekt6-430x287.jpg 430w, https:\/\/bo-themes.de\/wordpress-immobilien-themes\/home-v1\/wp-content\/uploads\/sites\/2\/2019\/12\/home-immobilien-objekt6-424x283.jpg 424w, https:\/\/bo-themes.de\/wordpress-immobilien-themes\/home-v1\/wp-content\/uploads\/sites\/2\/2019\/12\/home-immobilien-objekt6-824x550.jpg 824w, https:\/\/bo-themes.de\/wordpress-immobilien-themes\/home-v1\/wp-content\/uploads\/sites\/2\/2019\/12\/home-immobilien-objekt6-1648x1100.jpg 1648w, https:\/\/bo-themes.de\/wordpress-immobilien-themes\/home-v1\/wp-content\/uploads\/sites\/2\/2019\/12\/home-immobilien-objekt6-1300x868.jpg 1300w, https:\/\/bo-themes.de\/wordpress-immobilien-themes\/home-v1\/wp-content\/uploads\/sites\/2\/2019\/12\/home-immobilien-objekt6-848x566.jpg 848w, https:\/\/bo-themes.de\/wordpress-immobilien-themes\/home-v1\/wp-content\/uploads\/sites\/2\/2019\/12\/home-immobilien-objekt6-325x217.jpg 325w\" sizes=\"auto, (max-width: 650px) 100vw, 650px\" \/><\/a> <\/div><\/div>\n\t\n\t\n<div class=\"bo-top-object-col top-content-col\">\n<div class=\"bo-top-object-content\">\n <div class=\"bo-top-object-topdetails\">\n\t\t\n<div class=\"bo-top-object-tax\">             \nD\u00fcsseldorf\t&nbsp; | &nbsp; Wohnung<\/div>  \n\t <h2><a style=\"color:#484B59;\" href=\"https:\/\/bo-themes.de\/wordpress-immobilien-themes\/home-v1\/immobilie\/kleine-wohnung-mit-balkon-und-tageslicht-bad\/\" title=\"Details ansehen zu Kleine Wohnung mit Balkon und Tageslicht-Bad\">Kleine Wohnung mit Balkon und Tageslicht-Bad<\/a><\/h2>\n\t\t\t\t<div class=\"bo-top-object-desc\"><p>Lorem ipsum dolor sit amet, consectetur adipiscing elit, sed do eiusmod tempor incididunt ut labore et dolore magna aliqua. Accumsan in nisl nisi scelerisque eu ultrices vitae auctor. Eleifend mi [&#8230;]<\/p><\/div>\n\t\n\t<\/div>\n<div class=\"bo-top-object-details\" style=\"background: #EAEBEF;\">\n<div class=\"bo-top-object-price\">\n245.000,-&nbsp;EUR&nbsp;   \n<\/div>\n<span class=\"prop-size\"><i class=\"icofont-drag1\"><\/i>\n72m&sup2;&nbsp; \n<\/span><span class=\"prop-rooms\"><i class=\"icofont-key-hole\"><\/i>\n3 Zimmer<\/span>\n<span class=\"prop-bathrooms\"><i class=\"icofont-bathtub\"><\/i> 1&nbsp;Badezimmer<\/span><\/div>\n<\/div><!-- content -->\t\t\n<\/div><!-- col -->\n\t\n\t\t\n\t\n<\/div><!-- d item -->\n<\/div><!-- wrap -->\n\n\t\n<div class=\"slider-item-wrap\">\t\t\n<div class=\"bo-top-object-item desktop-object \"  style=\"background: #f0f1f6; color:#484B59;\">\n\t\n\t\n<div class=\"bo-top-object-col top-object-image-col\">\n<div class=\"bo-top-object-image\">\n<a href=\"https:\/\/bo-themes.de\/wordpress-immobilien-themes\/home-v1\/immobilie\/wunderschoenes-haus-mit-grossem-garten\/\" title=\"Details ansehen zu Wundersch\u00f6nes Haus mit gro\u00dfem Garten in Bahnhofsn\u00e4he\">\n<img loading=\"lazy\" decoding=\"async\" width=\"650\" height=\"434\" src=\"https:\/\/bo-themes.de\/wordpress-immobilien-themes\/home-v1\/wp-content\/uploads\/sites\/2\/2019\/12\/home-immobilien-objekt4-650x434.jpg\" class=\"attachment-proplist-thumb2 size-proplist-thumb2 wp-post-image\" alt=\"HOME - WordPress Immobilien Theme\" srcset=\"https:\/\/bo-themes.de\/wordpress-immobilien-themes\/home-v1\/wp-content\/uploads\/sites\/2\/2019\/12\/home-immobilien-objekt4-650x434.jpg 650w, https:\/\/bo-themes.de\/wordpress-immobilien-themes\/home-v1\/wp-content\/uploads\/sites\/2\/2019\/12\/home-immobilien-objekt4-424x283.jpg 424w, https:\/\/bo-themes.de\/wordpress-immobilien-themes\/home-v1\/wp-content\/uploads\/sites\/2\/2019\/12\/home-immobilien-objekt4-824x550.jpg 824w, https:\/\/bo-themes.de\/wordpress-immobilien-themes\/home-v1\/wp-content\/uploads\/sites\/2\/2019\/12\/home-immobilien-objekt4-1648x1100.jpg 1648w, https:\/\/bo-themes.de\/wordpress-immobilien-themes\/home-v1\/wp-content\/uploads\/sites\/2\/2019\/12\/home-immobilien-objekt4-1300x868.jpg 1300w, https:\/\/bo-themes.de\/wordpress-immobilien-themes\/home-v1\/wp-content\/uploads\/sites\/2\/2019\/12\/home-immobilien-objekt4-848x566.jpg 848w, https:\/\/bo-themes.de\/wordpress-immobilien-themes\/home-v1\/wp-content\/uploads\/sites\/2\/2019\/12\/home-immobilien-objekt4-325x217.jpg 325w\" sizes=\"auto, (max-width: 650px) 100vw, 650px\" \/><\/a> <\/div><\/div>\n\t\n\t\n<div class=\"bo-top-object-col top-content-col\">\n<div class=\"bo-top-object-content\">\n <div class=\"bo-top-object-topdetails\">\n\t\t\n<div class=\"bo-top-object-tax\">             \nD\u00fcsseldorf\t&nbsp; | &nbsp; Einfamilienhaus<\/div>  \n\t <h2><a style=\"color:#484B59;\" href=\"https:\/\/bo-themes.de\/wordpress-immobilien-themes\/home-v1\/immobilie\/wunderschoenes-haus-mit-grossem-garten\/\" title=\"Details ansehen zu Wundersch\u00f6nes Haus mit gro\u00dfem Garten in Bahnhofsn\u00e4he\">Wundersch\u00f6nes Haus mit gro\u00dfem Garten in Bahnhofsn\u00e4he<\/a><\/h2>\n\t\t\t\t<div class=\"bo-top-object-desc\"><p>Lorem ipsum dolor sit amet, consectetur adipiscing elit, sed do eiusmod tempor incididunt ut labore et dolore magna aliqua. Accumsan in nisl nisi scelerisque eu ultrices vitae auctor. Eleifend mi [&#8230;]<\/p><\/div>\n\t\n\t<\/div>\n<div class=\"bo-top-object-details\" style=\"background: #EAEBEF;\">\n<div class=\"bo-top-object-price\">\n650.250,- &nbsp;EUR&nbsp;   \n<\/div>\n<span class=\"prop-size\"><i class=\"icofont-drag1\"><\/i>\n125m&sup2;&nbsp; \n<\/span><span class=\"prop-rooms\"><i class=\"icofont-key-hole\"><\/i>\n4 Zimmer<\/span>\n<span class=\"prop-bathrooms\"><i class=\"icofont-bathtub\"><\/i> 2&nbsp;Badezimmer<\/span><\/div>\n<\/div><!-- content -->\t\t\n<\/div><!-- col -->\n\t\n\t\t\n\t\n<\/div><!-- d item -->\n<\/div><!-- wrap -->\n\n\t\n<div class=\"slider-item-wrap\">\t\t\n<div class=\"bo-top-object-item desktop-object \"  style=\"background: #f0f1f6; color:#484B59;\">\n\t\n\t\n<div class=\"bo-top-object-col top-object-image-col\">\n<div class=\"bo-top-object-image\">\n<a href=\"https:\/\/bo-themes.de\/wordpress-immobilien-themes\/home-v1\/immobilie\/hochwertig-kernsanierte-wohnung-im-dachgeschoss-mit-ausblick\/\" title=\"Details ansehen zu Hochwertig kernsanierte Wohnung im Dachgeschoss mit Ausblick\">\n<div class=\"bo-property-marker\">NEU<\/div> <img loading=\"lazy\" decoding=\"async\" width=\"650\" height=\"434\" src=\"https:\/\/bo-themes.de\/wordpress-immobilien-themes\/home-v1\/wp-content\/uploads\/sites\/2\/2019\/12\/home-immobilien-objekt2-650x434.jpg\" class=\"attachment-proplist-thumb2 size-proplist-thumb2 wp-post-image\" alt=\"HOME - WordPress Immobilien Theme\" srcset=\"https:\/\/bo-themes.de\/wordpress-immobilien-themes\/home-v1\/wp-content\/uploads\/sites\/2\/2019\/12\/home-immobilien-objekt2-650x434.jpg 650w, https:\/\/bo-themes.de\/wordpress-immobilien-themes\/home-v1\/wp-content\/uploads\/sites\/2\/2019\/12\/home-immobilien-objekt2-424x283.jpg 424w, https:\/\/bo-themes.de\/wordpress-immobilien-themes\/home-v1\/wp-content\/uploads\/sites\/2\/2019\/12\/home-immobilien-objekt2-824x550.jpg 824w, https:\/\/bo-themes.de\/wordpress-immobilien-themes\/home-v1\/wp-content\/uploads\/sites\/2\/2019\/12\/home-immobilien-objekt2-1648x1100.jpg 1648w, https:\/\/bo-themes.de\/wordpress-immobilien-themes\/home-v1\/wp-content\/uploads\/sites\/2\/2019\/12\/home-immobilien-objekt2-1300x868.jpg 1300w, https:\/\/bo-themes.de\/wordpress-immobilien-themes\/home-v1\/wp-content\/uploads\/sites\/2\/2019\/12\/home-immobilien-objekt2-848x566.jpg 848w, https:\/\/bo-themes.de\/wordpress-immobilien-themes\/home-v1\/wp-content\/uploads\/sites\/2\/2019\/12\/home-immobilien-objekt2-325x217.jpg 325w\" sizes=\"auto, (max-width: 650px) 100vw, 650px\" \/><\/a> <\/div><\/div>\n\t\n\t\n<div class=\"bo-top-object-col top-content-col\">\n<div class=\"bo-top-object-content\">\n <div class=\"bo-top-object-topdetails\">\n\t\t\n<div class=\"bo-top-object-tax\">             \nD\u00fcsseldorf\t&nbsp; | &nbsp; Wohnung<\/div>  \n\t <h2><a style=\"color:#484B59;\" href=\"https:\/\/bo-themes.de\/wordpress-immobilien-themes\/home-v1\/immobilie\/hochwertig-kernsanierte-wohnung-im-dachgeschoss-mit-ausblick\/\" title=\"Details ansehen zu Hochwertig kernsanierte Wohnung im Dachgeschoss mit Ausblick\">Hochwertig kernsanierte Wohnung im Dachgeschoss mit Ausblick<\/a><\/h2>\n\t\t\t\t<div class=\"bo-top-object-desc\"><p>Lorem ipsum dolor sit amet, consectetur adipiscing elit, sed do eiusmod tempor incididunt ut labore et dolore magna aliqua. Accumsan in nisl nisi scelerisque eu ultrices vitae auctor. Eleifend mi [&#8230;]<\/p><\/div>\n\t\n\t<\/div>\n<div class=\"bo-top-object-details\" style=\"background: #EAEBEF;\">\n<div class=\"bo-top-object-price\">\n1.650,-&nbsp;EUR&nbsp;   \n<\/div>\n<span class=\"prop-size\"><i class=\"icofont-drag1\"><\/i>\n125m&sup2;&nbsp; \n<\/span><span class=\"prop-rooms\"><i class=\"icofont-key-hole\"><\/i>\n4 Zimmer<\/span>\n<span class=\"prop-bathrooms\"><i class=\"icofont-bathtub\"><\/i> 2&nbsp;Badezimmer<\/span><\/div>\n<\/div><!-- content -->\t\t\n<\/div><!-- col -->\n\t\n\t\t\n\t\n<\/div><!-- d item -->\n<\/div><!-- wrap -->\n\n\t\n<div class=\"slider-item-wrap\">\t\t\n<div class=\"bo-top-object-item desktop-object \"  style=\"background: #f0f1f6; color:#484B59;\">\n\t\n\t\n<div class=\"bo-top-object-col top-object-image-col\">\n<div class=\"bo-top-object-image\">\n<a href=\"https:\/\/bo-themes.de\/wordpress-immobilien-themes\/home-v1\/immobilie\/ideale-3-zimmer-wohnung-zwischen-stadtwald-und-innenstadt\/\" title=\"Details ansehen zu Ideale 3-Zimmer-Wohnung mit Balkon nahe Stadtwald\">\n<div class=\"bo-property-marker\">NEU<\/div> <img loading=\"lazy\" decoding=\"async\" width=\"650\" height=\"434\" src=\"https:\/\/bo-themes.de\/wordpress-immobilien-themes\/home-v1\/wp-content\/uploads\/sites\/2\/2019\/12\/home-immobilien-objekt6-650x434.jpg\" class=\"attachment-proplist-thumb2 size-proplist-thumb2 wp-post-image\" alt=\"HOME - WordPress Immobilien Theme\" srcset=\"https:\/\/bo-themes.de\/wordpress-immobilien-themes\/home-v1\/wp-content\/uploads\/sites\/2\/2019\/12\/home-immobilien-objekt6-650x434.jpg 650w, https:\/\/bo-themes.de\/wordpress-immobilien-themes\/home-v1\/wp-content\/uploads\/sites\/2\/2019\/12\/home-immobilien-objekt6-300x200.jpg 300w, https:\/\/bo-themes.de\/wordpress-immobilien-themes\/home-v1\/wp-content\/uploads\/sites\/2\/2019\/12\/home-immobilien-objekt6-1024x682.jpg 1024w, https:\/\/bo-themes.de\/wordpress-immobilien-themes\/home-v1\/wp-content\/uploads\/sites\/2\/2019\/12\/home-immobilien-objekt6-768x512.jpg 768w, https:\/\/bo-themes.de\/wordpress-immobilien-themes\/home-v1\/wp-content\/uploads\/sites\/2\/2019\/12\/home-immobilien-objekt6-430x287.jpg 430w, https:\/\/bo-themes.de\/wordpress-immobilien-themes\/home-v1\/wp-content\/uploads\/sites\/2\/2019\/12\/home-immobilien-objekt6-424x283.jpg 424w, https:\/\/bo-themes.de\/wordpress-immobilien-themes\/home-v1\/wp-content\/uploads\/sites\/2\/2019\/12\/home-immobilien-objekt6-824x550.jpg 824w, https:\/\/bo-themes.de\/wordpress-immobilien-themes\/home-v1\/wp-content\/uploads\/sites\/2\/2019\/12\/home-immobilien-objekt6-1648x1100.jpg 1648w, https:\/\/bo-themes.de\/wordpress-immobilien-themes\/home-v1\/wp-content\/uploads\/sites\/2\/2019\/12\/home-immobilien-objekt6-1300x868.jpg 1300w, https:\/\/bo-themes.de\/wordpress-immobilien-themes\/home-v1\/wp-content\/uploads\/sites\/2\/2019\/12\/home-immobilien-objekt6-848x566.jpg 848w, https:\/\/bo-themes.de\/wordpress-immobilien-themes\/home-v1\/wp-content\/uploads\/sites\/2\/2019\/12\/home-immobilien-objekt6-325x217.jpg 325w\" sizes=\"auto, (max-width: 650px) 100vw, 650px\" \/><\/a> <\/div><\/div>\n\t\n\t\n<div class=\"bo-top-object-col top-content-col\">\n<div class=\"bo-top-object-content\">\n <div class=\"bo-top-object-topdetails\">\n\t\t\n<div class=\"bo-top-object-tax\">             \nD\u00fcsseldorf\t&nbsp; | &nbsp; Wohnung<\/div>  \n\t <h2><a style=\"color:#484B59;\" href=\"https:\/\/bo-themes.de\/wordpress-immobilien-themes\/home-v1\/immobilie\/ideale-3-zimmer-wohnung-zwischen-stadtwald-und-innenstadt\/\" title=\"Details ansehen zu Ideale 3-Zimmer-Wohnung mit Balkon nahe Stadtwald\">Ideale 3-Zimmer-Wohnung mit Balkon nahe Stadtwald<\/a><\/h2>\n\t\t\t\t<div class=\"bo-top-object-desc\"><p>Lorem ipsum dolor sit amet, consectetur adipiscing elit, sed do eiusmod tempor incididunt ut labore et dolore magna aliqua. Accumsan in nisl nisi scelerisque eu ultrices vitae auctor. Eleifend mi [&#8230;]<\/p><\/div>\n\t\n\t<\/div>\n<div class=\"bo-top-object-details\" style=\"background: #EAEBEF;\">\n<div class=\"bo-top-object-price\">\n1.200,-&nbsp;EUR&nbsp;   \n<\/div>\n<span class=\"prop-size\"><i class=\"icofont-drag1\"><\/i>\n125m&sup2;&nbsp; \n<\/span><span class=\"prop-rooms\"><i class=\"icofont-key-hole\"><\/i>\n4 Zimmer<\/span>\n<span class=\"prop-bathrooms\"><i class=\"icofont-bathtub\"><\/i> 2&nbsp;Badezimmer<\/span><\/div>\n<\/div><!-- content -->\t\t\n<\/div><!-- col -->\n\t\n\t\t\n\t\n<\/div><!-- d item -->\n<\/div><!-- wrap -->\n\n \n<\/section>\n\n\n<section class=\"bo-block-prop-slider mobile-slider\">\n\t\n<div class=\"slider-item-wrap\">\t\t\n<div class=\"bo-top-object-item \"  style=\"background: #f0f1f6; color:#484B59;\">\n\t\n\n<div class=\"bo-top-object-col\">\n<div class=\"bo-top-object-image\">\n<a href=\"https:\/\/bo-themes.de\/wordpress-immobilien-themes\/home-v1\/immobilie\/exklusives-wohnen-in-praemierter-wohnanlage\/\" title=\"Details ansehen zu Exklusives Wohnen in pr\u00e4mierter Wohnanlage\">\n<div class=\"bo-property-marker\">NEU<\/div> <img loading=\"lazy\" decoding=\"async\" width=\"1000\" height=\"665\" src=\"https:\/\/bo-themes.de\/wordpress-immobilien-themes\/home-v1\/wp-content\/uploads\/sites\/2\/2019\/12\/home-immobilien-objekt1-1000x665.jpg\" class=\"attachment-property-featured size-property-featured wp-post-image\" alt=\"HOME - WordPress Immobilien Theme\" srcset=\"https:\/\/bo-themes.de\/wordpress-immobilien-themes\/home-v1\/wp-content\/uploads\/sites\/2\/2019\/12\/home-immobilien-objekt1-1000x665.jpg 1000w, https:\/\/bo-themes.de\/wordpress-immobilien-themes\/home-v1\/wp-content\/uploads\/sites\/2\/2019\/12\/home-immobilien-objekt1-300x200.jpg 300w, https:\/\/bo-themes.de\/wordpress-immobilien-themes\/home-v1\/wp-content\/uploads\/sites\/2\/2019\/12\/home-immobilien-objekt1-1024x682.jpg 1024w, https:\/\/bo-themes.de\/wordpress-immobilien-themes\/home-v1\/wp-content\/uploads\/sites\/2\/2019\/12\/home-immobilien-objekt1-768x512.jpg 768w, https:\/\/bo-themes.de\/wordpress-immobilien-themes\/home-v1\/wp-content\/uploads\/sites\/2\/2019\/12\/home-immobilien-objekt1-430x287.jpg 430w, https:\/\/bo-themes.de\/wordpress-immobilien-themes\/home-v1\/wp-content\/uploads\/sites\/2\/2019\/12\/home-immobilien-objekt1-424x283.jpg 424w, https:\/\/bo-themes.de\/wordpress-immobilien-themes\/home-v1\/wp-content\/uploads\/sites\/2\/2019\/12\/home-immobilien-objekt1-2000x1330.jpg 2000w, https:\/\/bo-themes.de\/wordpress-immobilien-themes\/home-v1\/wp-content\/uploads\/sites\/2\/2019\/12\/home-immobilien-objekt1-325x217.jpg 325w\" sizes=\"auto, (max-width: 1000px) 100vw, 1000px\" \/><\/a> <\/div><\/div>\n\n\t\n<div class=\"bo-top-object-col top-content-col\">\n<div class=\"bo-top-object-content\">\n <div class=\"bo-top-object-topdetails\">\n\t\t\n<div class=\"bo-top-object-tax\">             \nD\u00fcsseldorf\t&nbsp; | &nbsp; Wohnung<\/div>  \n\t <h2><a style=\"color:#484B59;\" href=\"https:\/\/bo-themes.de\/wordpress-immobilien-themes\/home-v1\/immobilie\/exklusives-wohnen-in-praemierter-wohnanlage\/\" title=\"Details ansehen zu Exklusives Wohnen in pr\u00e4mierter Wohnanlage\">Exklusives Wohnen in pr\u00e4mierter Wohnanlage<\/a><\/h2>\n\t\t\t\t<div class=\"bo-top-object-desc\"><p>Lorem ipsum dolor sit amet, consectetur adipiscing elit, sed do eiusmod tempor incididunt ut labore et dolore magna aliqua. Accumsan in nisl nisi scelerisque eu ultrices vitae auctor. Eleifend mi [&#8230;]<\/p><\/div>\n\t\n\t<\/div>\n<div class=\"bo-top-object-details\" style=\"background: #EAEBEF;\">\n<div class=\"bo-top-object-price\">\n375.000,-&nbsp;EUR&nbsp;   \n<\/div>\n<span class=\"prop-size\"><i class=\"icofont-drag1\"><\/i>\n93m&sup2;&nbsp; \n<\/span><span class=\"prop-rooms\"><i class=\"icofont-key-hole\"><\/i>\n3 Zimmer<\/span>\n<span class=\"prop-bathrooms\"><i class=\"icofont-bathtub\"><\/i> 1&nbsp;Badezimmer<\/span><\/div>\n<\/div><!-- content -->\t\t\n<\/div><!-- col -->\n\t\n\t\n<\/div><!-- m item -->\n<\/div><!-- wrap -->\n\n\t\n<div class=\"slider-item-wrap\">\t\t\n<div class=\"bo-top-object-item \"  style=\"background: #f0f1f6; color:#484B59;\">\n\t\n\n<div class=\"bo-top-object-col\">\n<div class=\"bo-top-object-image\">\n<a href=\"https:\/\/bo-themes.de\/wordpress-immobilien-themes\/home-v1\/immobilie\/ladenlokal-in-der-innenstadt-zu-vermieten\/\" title=\"Details ansehen zu Ladenlokal in der Innenstadt zu vermieten!\">\n<img loading=\"lazy\" decoding=\"async\" width=\"1000\" height=\"665\" src=\"https:\/\/bo-themes.de\/wordpress-immobilien-themes\/home-v1\/wp-content\/uploads\/sites\/2\/2019\/12\/home-immobilien-objekt2-1000x665.jpg\" class=\"attachment-property-featured size-property-featured wp-post-image\" alt=\"HOME - WordPress Immobilien Theme\" srcset=\"https:\/\/bo-themes.de\/wordpress-immobilien-themes\/home-v1\/wp-content\/uploads\/sites\/2\/2019\/12\/home-immobilien-objekt2-1000x665.jpg 1000w, https:\/\/bo-themes.de\/wordpress-immobilien-themes\/home-v1\/wp-content\/uploads\/sites\/2\/2019\/12\/home-immobilien-objekt2-424x283.jpg 424w, https:\/\/bo-themes.de\/wordpress-immobilien-themes\/home-v1\/wp-content\/uploads\/sites\/2\/2019\/12\/home-immobilien-objekt2-2000x1330.jpg 2000w, https:\/\/bo-themes.de\/wordpress-immobilien-themes\/home-v1\/wp-content\/uploads\/sites\/2\/2019\/12\/home-immobilien-objekt2-325x217.jpg 325w\" sizes=\"auto, (max-width: 1000px) 100vw, 1000px\" \/><\/a> <\/div><\/div>\n\n\t\n<div class=\"bo-top-object-col top-content-col\">\n<div class=\"bo-top-object-content\">\n <div class=\"bo-top-object-topdetails\">\n\t\t\n<div class=\"bo-top-object-tax\">             \nD\u00fcsseldorf\t&nbsp; | &nbsp; Ladenlokal<\/div>  \n\t <h2><a style=\"color:#484B59;\" href=\"https:\/\/bo-themes.de\/wordpress-immobilien-themes\/home-v1\/immobilie\/ladenlokal-in-der-innenstadt-zu-vermieten\/\" title=\"Details ansehen zu Ladenlokal in der Innenstadt zu vermieten!\">Ladenlokal in der Innenstadt zu vermieten!<\/a><\/h2>\n\t\t\t\t<div class=\"bo-top-object-desc\"><p>Lorem ipsum dolor sit amet, consectetur adipiscing elit, sed do eiusmod tempor incididunt ut labore et dolore magna aliqua. Accumsan in nisl nisi scelerisque eu ultrices vitae auctor. Eleifend mi [&#8230;]<\/p><\/div>\n\t\n\t<\/div>\n<div class=\"bo-top-object-details\" style=\"background: #EAEBEF;\">\n<div class=\"bo-top-object-price\">\n3.750&nbsp;EUR&nbsp;   \n<\/div>\n<span class=\"prop-size\"><i class=\"icofont-drag1\"><\/i>\n140m&sup2;&nbsp; \n<\/span><\/div>\n<\/div><!-- content -->\t\t\n<\/div><!-- col -->\n\t\n\t\n<\/div><!-- m item -->\n<\/div><!-- wrap -->\n\n\t\n<div class=\"slider-item-wrap\">\t\t\n<div class=\"bo-top-object-item \"  style=\"background: #f0f1f6; color:#484B59;\">\n\t\n\n<div class=\"bo-top-object-col\">\n<div class=\"bo-top-object-image\">\n<a href=\"https:\/\/bo-themes.de\/wordpress-immobilien-themes\/home-v1\/immobilie\/kleine-wohnung-mit-balkon-und-tageslicht-bad\/\" title=\"Details ansehen zu Kleine Wohnung mit Balkon und Tageslicht-Bad\">\n<div class=\"bo-property-marker\">Reserviert<\/div> <img loading=\"lazy\" decoding=\"async\" width=\"1000\" height=\"665\" src=\"https:\/\/bo-themes.de\/wordpress-immobilien-themes\/home-v1\/wp-content\/uploads\/sites\/2\/2019\/12\/home-immobilien-objekt6-1000x665.jpg\" class=\"attachment-property-featured size-property-featured wp-post-image\" alt=\"HOME - WordPress Immobilien Theme\" srcset=\"https:\/\/bo-themes.de\/wordpress-immobilien-themes\/home-v1\/wp-content\/uploads\/sites\/2\/2019\/12\/home-immobilien-objekt6-1000x665.jpg 1000w, https:\/\/bo-themes.de\/wordpress-immobilien-themes\/home-v1\/wp-content\/uploads\/sites\/2\/2019\/12\/home-immobilien-objekt6-300x200.jpg 300w, https:\/\/bo-themes.de\/wordpress-immobilien-themes\/home-v1\/wp-content\/uploads\/sites\/2\/2019\/12\/home-immobilien-objekt6-1024x682.jpg 1024w, https:\/\/bo-themes.de\/wordpress-immobilien-themes\/home-v1\/wp-content\/uploads\/sites\/2\/2019\/12\/home-immobilien-objekt6-768x512.jpg 768w, https:\/\/bo-themes.de\/wordpress-immobilien-themes\/home-v1\/wp-content\/uploads\/sites\/2\/2019\/12\/home-immobilien-objekt6-430x287.jpg 430w, https:\/\/bo-themes.de\/wordpress-immobilien-themes\/home-v1\/wp-content\/uploads\/sites\/2\/2019\/12\/home-immobilien-objekt6-424x283.jpg 424w, https:\/\/bo-themes.de\/wordpress-immobilien-themes\/home-v1\/wp-content\/uploads\/sites\/2\/2019\/12\/home-immobilien-objekt6-2000x1330.jpg 2000w, https:\/\/bo-themes.de\/wordpress-immobilien-themes\/home-v1\/wp-content\/uploads\/sites\/2\/2019\/12\/home-immobilien-objekt6-325x217.jpg 325w\" sizes=\"auto, (max-width: 1000px) 100vw, 1000px\" \/><\/a> <\/div><\/div>\n\n\t\n<div class=\"bo-top-object-col top-content-col\">\n<div class=\"bo-top-object-content\">\n <div class=\"bo-top-object-topdetails\">\n\t\t\n<div class=\"bo-top-object-tax\">             \nD\u00fcsseldorf\t&nbsp; | &nbsp; Wohnung<\/div>  \n\t <h2><a style=\"color:#484B59;\" href=\"https:\/\/bo-themes.de\/wordpress-immobilien-themes\/home-v1\/immobilie\/kleine-wohnung-mit-balkon-und-tageslicht-bad\/\" title=\"Details ansehen zu Kleine Wohnung mit Balkon und Tageslicht-Bad\">Kleine Wohnung mit Balkon und Tageslicht-Bad<\/a><\/h2>\n\t\t\t\t<div class=\"bo-top-object-desc\"><p>Lorem ipsum dolor sit amet, consectetur adipiscing elit, sed do eiusmod tempor incididunt ut labore et dolore magna aliqua. Accumsan in nisl nisi scelerisque eu ultrices vitae auctor. Eleifend mi [&#8230;]<\/p><\/div>\n\t\n\t<\/div>\n<div class=\"bo-top-object-details\" style=\"background: #EAEBEF;\">\n<div class=\"bo-top-object-price\">\n245.000,-&nbsp;EUR&nbsp;   \n<\/div>\n<span class=\"prop-size\"><i class=\"icofont-drag1\"><\/i>\n72m&sup2;&nbsp; \n<\/span><span class=\"prop-rooms\"><i class=\"icofont-key-hole\"><\/i>\n3 Zimmer<\/span>\n<span class=\"prop-bathrooms\"><i class=\"icofont-bathtub\"><\/i> 1&nbsp;Badezimmer<\/span><\/div>\n<\/div><!-- content -->\t\t\n<\/div><!-- col -->\n\t\n\t\n<\/div><!-- m item -->\n<\/div><!-- wrap -->\n\n\t\n<div class=\"slider-item-wrap\">\t\t\n<div class=\"bo-top-object-item \"  style=\"background: #f0f1f6; color:#484B59;\">\n\t\n\n<div class=\"bo-top-object-col\">\n<div class=\"bo-top-object-image\">\n<a href=\"https:\/\/bo-themes.de\/wordpress-immobilien-themes\/home-v1\/immobilie\/wunderschoenes-haus-mit-grossem-garten\/\" title=\"Details ansehen zu Wundersch\u00f6nes Haus mit gro\u00dfem Garten in Bahnhofsn\u00e4he\">\n<img loading=\"lazy\" decoding=\"async\" width=\"1000\" height=\"665\" src=\"https:\/\/bo-themes.de\/wordpress-immobilien-themes\/home-v1\/wp-content\/uploads\/sites\/2\/2019\/12\/home-immobilien-objekt4-1000x665.jpg\" class=\"attachment-property-featured size-property-featured wp-post-image\" alt=\"HOME - WordPress Immobilien Theme\" srcset=\"https:\/\/bo-themes.de\/wordpress-immobilien-themes\/home-v1\/wp-content\/uploads\/sites\/2\/2019\/12\/home-immobilien-objekt4-1000x665.jpg 1000w, https:\/\/bo-themes.de\/wordpress-immobilien-themes\/home-v1\/wp-content\/uploads\/sites\/2\/2019\/12\/home-immobilien-objekt4-424x283.jpg 424w, https:\/\/bo-themes.de\/wordpress-immobilien-themes\/home-v1\/wp-content\/uploads\/sites\/2\/2019\/12\/home-immobilien-objekt4-2000x1330.jpg 2000w, https:\/\/bo-themes.de\/wordpress-immobilien-themes\/home-v1\/wp-content\/uploads\/sites\/2\/2019\/12\/home-immobilien-objekt4-325x217.jpg 325w\" sizes=\"auto, (max-width: 1000px) 100vw, 1000px\" \/><\/a> <\/div><\/div>\n\n\t\n<div class=\"bo-top-object-col top-content-col\">\n<div class=\"bo-top-object-content\">\n <div class=\"bo-top-object-topdetails\">\n\t\t\n<div class=\"bo-top-object-tax\">             \nD\u00fcsseldorf\t&nbsp; | &nbsp; Einfamilienhaus<\/div>  \n\t <h2><a style=\"color:#484B59;\" href=\"https:\/\/bo-themes.de\/wordpress-immobilien-themes\/home-v1\/immobilie\/wunderschoenes-haus-mit-grossem-garten\/\" title=\"Details ansehen zu Wundersch\u00f6nes Haus mit gro\u00dfem Garten in Bahnhofsn\u00e4he\">Wundersch\u00f6nes Haus mit gro\u00dfem Garten in Bahnhofsn\u00e4he<\/a><\/h2>\n\t\t\t\t<div class=\"bo-top-object-desc\"><p>Lorem ipsum dolor sit amet, consectetur adipiscing elit, sed do eiusmod tempor incididunt ut labore et dolore magna aliqua. Accumsan in nisl nisi scelerisque eu ultrices vitae auctor. Eleifend mi [&#8230;]<\/p><\/div>\n\t\n\t<\/div>\n<div class=\"bo-top-object-details\" style=\"background: #EAEBEF;\">\n<div class=\"bo-top-object-price\">\n650.250,- &nbsp;EUR&nbsp;   \n<\/div>\n<span class=\"prop-size\"><i class=\"icofont-drag1\"><\/i>\n125m&sup2;&nbsp; \n<\/span><span class=\"prop-rooms\"><i class=\"icofont-key-hole\"><\/i>\n4 Zimmer<\/span>\n<span class=\"prop-bathrooms\"><i class=\"icofont-bathtub\"><\/i> 2&nbsp;Badezimmer<\/span><\/div>\n<\/div><!-- content -->\t\t\n<\/div><!-- col -->\n\t\n\t\n<\/div><!-- m item -->\n<\/div><!-- wrap -->\n\n\t\n<div class=\"slider-item-wrap\">\t\t\n<div class=\"bo-top-object-item \"  style=\"background: #f0f1f6; color:#484B59;\">\n\t\n\n<div class=\"bo-top-object-col\">\n<div class=\"bo-top-object-image\">\n<a href=\"https:\/\/bo-themes.de\/wordpress-immobilien-themes\/home-v1\/immobilie\/hochwertig-kernsanierte-wohnung-im-dachgeschoss-mit-ausblick\/\" title=\"Details ansehen zu Hochwertig kernsanierte Wohnung im Dachgeschoss mit Ausblick\">\n<div class=\"bo-property-marker\">NEU<\/div> <img loading=\"lazy\" decoding=\"async\" width=\"1000\" height=\"665\" src=\"https:\/\/bo-themes.de\/wordpress-immobilien-themes\/home-v1\/wp-content\/uploads\/sites\/2\/2019\/12\/home-immobilien-objekt2-1000x665.jpg\" class=\"attachment-property-featured size-property-featured wp-post-image\" alt=\"HOME - WordPress Immobilien Theme\" srcset=\"https:\/\/bo-themes.de\/wordpress-immobilien-themes\/home-v1\/wp-content\/uploads\/sites\/2\/2019\/12\/home-immobilien-objekt2-1000x665.jpg 1000w, https:\/\/bo-themes.de\/wordpress-immobilien-themes\/home-v1\/wp-content\/uploads\/sites\/2\/2019\/12\/home-immobilien-objekt2-424x283.jpg 424w, https:\/\/bo-themes.de\/wordpress-immobilien-themes\/home-v1\/wp-content\/uploads\/sites\/2\/2019\/12\/home-immobilien-objekt2-2000x1330.jpg 2000w, https:\/\/bo-themes.de\/wordpress-immobilien-themes\/home-v1\/wp-content\/uploads\/sites\/2\/2019\/12\/home-immobilien-objekt2-325x217.jpg 325w\" sizes=\"auto, (max-width: 1000px) 100vw, 1000px\" \/><\/a> <\/div><\/div>\n\n\t\n<div class=\"bo-top-object-col top-content-col\">\n<div class=\"bo-top-object-content\">\n <div class=\"bo-top-object-topdetails\">\n\t\t\n<div class=\"bo-top-object-tax\">             \nD\u00fcsseldorf\t&nbsp; | &nbsp; Wohnung<\/div>  \n\t <h2><a style=\"color:#484B59;\" href=\"https:\/\/bo-themes.de\/wordpress-immobilien-themes\/home-v1\/immobilie\/hochwertig-kernsanierte-wohnung-im-dachgeschoss-mit-ausblick\/\" title=\"Details ansehen zu Hochwertig kernsanierte Wohnung im Dachgeschoss mit Ausblick\">Hochwertig kernsanierte Wohnung im Dachgeschoss mit Ausblick<\/a><\/h2>\n\t\t\t\t<div class=\"bo-top-object-desc\"><p>Lorem ipsum dolor sit amet, consectetur adipiscing elit, sed do eiusmod tempor incididunt ut labore et dolore magna aliqua. Accumsan in nisl nisi scelerisque eu ultrices vitae auctor. Eleifend mi [&#8230;]<\/p><\/div>\n\t\n\t<\/div>\n<div class=\"bo-top-object-details\" style=\"background: #EAEBEF;\">\n<div class=\"bo-top-object-price\">\n1.650,-&nbsp;EUR&nbsp;   \n<\/div>\n<span class=\"prop-size\"><i class=\"icofont-drag1\"><\/i>\n125m&sup2;&nbsp; \n<\/span><span class=\"prop-rooms\"><i class=\"icofont-key-hole\"><\/i>\n4 Zimmer<\/span>\n<span class=\"prop-bathrooms\"><i class=\"icofont-bathtub\"><\/i> 2&nbsp;Badezimmer<\/span><\/div>\n<\/div><!-- content -->\t\t\n<\/div><!-- col -->\n\t\n\t\n<\/div><!-- m item -->\n<\/div><!-- wrap -->\n\n\t\n<div class=\"slider-item-wrap\">\t\t\n<div class=\"bo-top-object-item \"  style=\"background: #f0f1f6; color:#484B59;\">\n\t\n\n<div class=\"bo-top-object-col\">\n<div class=\"bo-top-object-image\">\n<a href=\"https:\/\/bo-themes.de\/wordpress-immobilien-themes\/home-v1\/immobilie\/ideale-3-zimmer-wohnung-zwischen-stadtwald-und-innenstadt\/\" title=\"Details ansehen zu Ideale 3-Zimmer-Wohnung mit Balkon nahe Stadtwald\">\n<div class=\"bo-property-marker\">NEU<\/div> <img loading=\"lazy\" decoding=\"async\" width=\"1000\" height=\"665\" src=\"https:\/\/bo-themes.de\/wordpress-immobilien-themes\/home-v1\/wp-content\/uploads\/sites\/2\/2019\/12\/home-immobilien-objekt6-1000x665.jpg\" class=\"attachment-property-featured size-property-featured wp-post-image\" alt=\"HOME - WordPress Immobilien Theme\" srcset=\"https:\/\/bo-themes.de\/wordpress-immobilien-themes\/home-v1\/wp-content\/uploads\/sites\/2\/2019\/12\/home-immobilien-objekt6-1000x665.jpg 1000w, https:\/\/bo-themes.de\/wordpress-immobilien-themes\/home-v1\/wp-content\/uploads\/sites\/2\/2019\/12\/home-immobilien-objekt6-300x200.jpg 300w, https:\/\/bo-themes.de\/wordpress-immobilien-themes\/home-v1\/wp-content\/uploads\/sites\/2\/2019\/12\/home-immobilien-objekt6-1024x682.jpg 1024w, https:\/\/bo-themes.de\/wordpress-immobilien-themes\/home-v1\/wp-content\/uploads\/sites\/2\/2019\/12\/home-immobilien-objekt6-768x512.jpg 768w, https:\/\/bo-themes.de\/wordpress-immobilien-themes\/home-v1\/wp-content\/uploads\/sites\/2\/2019\/12\/home-immobilien-objekt6-430x287.jpg 430w, https:\/\/bo-themes.de\/wordpress-immobilien-themes\/home-v1\/wp-content\/uploads\/sites\/2\/2019\/12\/home-immobilien-objekt6-424x283.jpg 424w, https:\/\/bo-themes.de\/wordpress-immobilien-themes\/home-v1\/wp-content\/uploads\/sites\/2\/2019\/12\/home-immobilien-objekt6-2000x1330.jpg 2000w, https:\/\/bo-themes.de\/wordpress-immobilien-themes\/home-v1\/wp-content\/uploads\/sites\/2\/2019\/12\/home-immobilien-objekt6-325x217.jpg 325w\" sizes=\"auto, (max-width: 1000px) 100vw, 1000px\" \/><\/a> <\/div><\/div>\n\n\t\n<div class=\"bo-top-object-col top-content-col\">\n<div class=\"bo-top-object-content\">\n <div class=\"bo-top-object-topdetails\">\n\t\t\n<div class=\"bo-top-object-tax\">             \nD\u00fcsseldorf\t&nbsp; | &nbsp; Wohnung<\/div>  \n\t <h2><a style=\"color:#484B59;\" href=\"https:\/\/bo-themes.de\/wordpress-immobilien-themes\/home-v1\/immobilie\/ideale-3-zimmer-wohnung-zwischen-stadtwald-und-innenstadt\/\" title=\"Details ansehen zu Ideale 3-Zimmer-Wohnung mit Balkon nahe Stadtwald\">Ideale 3-Zimmer-Wohnung mit Balkon nahe Stadtwald<\/a><\/h2>\n\t\t\t\t<div class=\"bo-top-object-desc\"><p>Lorem ipsum dolor sit amet, consectetur adipiscing elit, sed do eiusmod tempor incididunt ut labore et dolore magna aliqua. Accumsan in nisl nisi scelerisque eu ultrices vitae auctor. Eleifend mi [&#8230;]<\/p><\/div>\n\t\n\t<\/div>\n<div class=\"bo-top-object-details\" style=\"background: #EAEBEF;\">\n<div class=\"bo-top-object-price\">\n1.200,-&nbsp;EUR&nbsp;   \n<\/div>\n<span class=\"prop-size\"><i class=\"icofont-drag1\"><\/i>\n125m&sup2;&nbsp; \n<\/span><span class=\"prop-rooms\"><i class=\"icofont-key-hole\"><\/i>\n4 Zimmer<\/span>\n<span class=\"prop-bathrooms\"><i class=\"icofont-bathtub\"><\/i> 2&nbsp;Badezimmer<\/span><\/div>\n<\/div><!-- content -->\t\t\n<\/div><!-- col -->\n\t\n\t\n<\/div><!-- m item -->\n<\/div><!-- wrap -->\n\n \n<\/section>\n\n\n\t\n\n\n\n\n\n\n\n<div style=\"height:80px\" aria-hidden=\"true\" class=\"wp-block-spacer\"><\/div>\n\n\n<span class=\"open-mobile-taxsearch\">Immobiliensuche starten <i class=\"icofont-rounded-down\"><\/i><\/span>\n<form method=\"get\" id=\"bo-quicksearch-searchform\" class=\"quicksearchform clearfix\" role=\"search\" action=\"https:\/\/bo-themes.de\/wordpress-immobilien-themes\/home-v1\/\">\n<input type=\"hidden\" name=\"search\" value=\"propgrid\">\n<div class=\"bo-quicksearch-items-wrapper\">\n<div class=\"bo-quicksearch-keyword\"><span class=\"objectsearch\"><input type=\"text\" class=\"bo-quick-input\" value=\"\" name=\"s\" id=\"s\" placeholder=\"Objekt suchen\" \/><\/span><\/div>\t\n<div class=\"bo-quicksearch-tax\">\n<ul class=\"bo-quick-select\">\n<li class=\"proptype\" data-number=\"1\"><select  name='proptype' id='proptype' class='taxform-select'>\n\t<option value='' selected='selected'>Immobilientyp w\u00e4hlen<\/option>\n\t<option class=\"level-0\" value=\"einfamilienhaus\">Einfamilienhaus<\/option>\n\t<option class=\"level-0\" value=\"ladenlokal\">Ladenlokal<\/option>\n\t<option class=\"level-0\" value=\"wohnung\">Wohnung<\/option>\n<\/select>\n<\/li><li class=\"location\" data-number=\"2\"><select  name='location' id='location' class='taxform-select'>\n\t<option value='' selected='selected'>Standort w\u00e4hlen<\/option>\n\t<option class=\"level-0\" value=\"duesseldorf\">D\u00fcsseldorf<\/option>\n\t<option class=\"level-0\" value=\"koeln\">K\u00f6ln<\/option>\n<\/select>\n<\/li>\t\t\n\t<\/ul>\n\t<\/div><\/div>\n\t\n<input type=\"hidden\" value=\"property\" name=\"post_type\" \/>\n<input type=\"submit\" id=\"searchsubmit\" value=\"Schnellsuche\" \/>\n<\/form>\n<script type=\"text\/javascript\">\njQuery(\".bo-quick-select select\").chosen({no_results_text: \"Keine Ergebnisse f\u00fcr: \", disable_search_threshold: 3});\n<\/script>\n\n\n\n\n\n\n<div style=\"height:30px\" aria-hidden=\"true\" class=\"wp-block-spacer\"><\/div>\n\n\n<a name=\"referenzen\" id=\"referenzen\" ><\/a>\n\n\n<div style=\"height:40px\" aria-hidden=\"true\" class=\"wp-block-spacer\"><\/div>\n\n\n<div class=\"slogan center \">\n<div class=\"preambel\">\n<span style=\"color:#c67814;\">Referenzen<\/span>\n<\/div>\n<h2 style=\"font-size:36px;color:#484B59\" ><span class=\"slogan-mobile\">Erfolgreich vermittelte Objekte<\/span><\/h2><span style=\"background:#c67814\"><\/span><\/div>\n\n<div class=\"clear\"><\/div><section class=\"bo-property-grid portfolio-listing\"><div class=\"bo-property-box has-3-boxes\">\n<div class=\"bo-property-content\">\n<div class=\"bo-property-image image-col-3\">\n\t\t\n<div class=\"bo-property-marker\">Verkauft<\/div> <a href=\"https:\/\/bo-themes.de\/wordpress-immobilien-themes\/home-v1\/referenz\/eigentumswohnung-in-stadtmitte\/\" rel=\"bookmark\" title=\"Details ansehen zu Eigentumswohnung in Stadtmitte\">\n<img loading=\"lazy\" decoding=\"async\" width=\"424\" height=\"283\" src=\"https:\/\/bo-themes.de\/wordpress-immobilien-themes\/home-v1\/wp-content\/uploads\/sites\/2\/2019\/12\/home-immobilien-objekt1-424x283.jpg\" class=\"img-responsive wp-post-image\" alt=\"HOME - WordPress Immobilien Theme\" srcset=\"https:\/\/bo-themes.de\/wordpress-immobilien-themes\/home-v1\/wp-content\/uploads\/sites\/2\/2019\/12\/home-immobilien-objekt1-424x283.jpg 424w, https:\/\/bo-themes.de\/wordpress-immobilien-themes\/home-v1\/wp-content\/uploads\/sites\/2\/2019\/12\/home-immobilien-objekt1-300x200.jpg 300w, https:\/\/bo-themes.de\/wordpress-immobilien-themes\/home-v1\/wp-content\/uploads\/sites\/2\/2019\/12\/home-immobilien-objekt1-1024x682.jpg 1024w, https:\/\/bo-themes.de\/wordpress-immobilien-themes\/home-v1\/wp-content\/uploads\/sites\/2\/2019\/12\/home-immobilien-objekt1-768x512.jpg 768w, https:\/\/bo-themes.de\/wordpress-immobilien-themes\/home-v1\/wp-content\/uploads\/sites\/2\/2019\/12\/home-immobilien-objekt1-430x287.jpg 430w, https:\/\/bo-themes.de\/wordpress-immobilien-themes\/home-v1\/wp-content\/uploads\/sites\/2\/2019\/12\/home-immobilien-objekt1-1000x665.jpg 1000w, https:\/\/bo-themes.de\/wordpress-immobilien-themes\/home-v1\/wp-content\/uploads\/sites\/2\/2019\/12\/home-immobilien-objekt1.jpg 2000w, https:\/\/bo-themes.de\/wordpress-immobilien-themes\/home-v1\/wp-content\/uploads\/sites\/2\/2019\/12\/home-immobilien-objekt1-824x550.jpg 824w, https:\/\/bo-themes.de\/wordpress-immobilien-themes\/home-v1\/wp-content\/uploads\/sites\/2\/2019\/12\/home-immobilien-objekt1-1648x1100.jpg 1648w, https:\/\/bo-themes.de\/wordpress-immobilien-themes\/home-v1\/wp-content\/uploads\/sites\/2\/2019\/12\/home-immobilien-objekt1-650x434.jpg 650w, https:\/\/bo-themes.de\/wordpress-immobilien-themes\/home-v1\/wp-content\/uploads\/sites\/2\/2019\/12\/home-immobilien-objekt1-1300x868.jpg 1300w, https:\/\/bo-themes.de\/wordpress-immobilien-themes\/home-v1\/wp-content\/uploads\/sites\/2\/2019\/12\/home-immobilien-objekt1-848x566.jpg 848w, https:\/\/bo-themes.de\/wordpress-immobilien-themes\/home-v1\/wp-content\/uploads\/sites\/2\/2019\/12\/home-immobilien-objekt1-325x217.jpg 325w\" sizes=\"auto, (max-width: 424px) 100vw, 424px\" \/><\/a><\/div>\t\t\t\n\t<h2>Eigentumswohnung in Stadtmitte<\/h2>\n<div class=\"bo-property-data\">  \n<div class=\"bo-property-location\">             \nK\u00f6ln\t&nbsp; | &nbsp; Wohnung<\/div>  \n<\/div>  \n\n<div class=\"bo-property-icons\">\n<span class=\"bo-property-size\"><i class=\"icofont-drag2\"><\/i>\n120m&sup2;&nbsp; \n<\/span><span class=\"bo-property-rooms\"><i class=\"icofont-key-hole\"><\/i> \n3 Zimmer<\/span>\n<\/div>\n \n\n<div class=\"bo-property-more\" title=\"Details ansehen zu Eigentumswohnung in Stadtmitte\"><a href=\"https:\/\/bo-themes.de\/wordpress-immobilien-themes\/home-v1\/referenz\/eigentumswohnung-in-stadtmitte\/\" rel=\"bookmark\" title=\"Details ansehen zu Eigentumswohnung in Stadtmitte\">Details ansehen &raquo; <\/a><\/div>        <\/div><\/div>\n<div class=\"bo-property-box has-3-boxes\">\n<div class=\"bo-property-content\">\n<div class=\"bo-property-image image-col-3\">\n\t\t\n<div class=\"bo-property-marker\">Vermietet<\/div> <a href=\"https:\/\/bo-themes.de\/wordpress-immobilien-themes\/home-v1\/referenz\/gewerbeobjekt-mit-lagerhalle\/\" rel=\"bookmark\" title=\"Details ansehen zu Gewerbeobjekt mit Lagerhalle\">\n<img loading=\"lazy\" decoding=\"async\" width=\"424\" height=\"283\" src=\"https:\/\/bo-themes.de\/wordpress-immobilien-themes\/home-v1\/wp-content\/uploads\/sites\/2\/2019\/12\/home-immobilien-objekt2-424x283.jpg\" class=\"img-responsive wp-post-image\" alt=\"HOME - WordPress Immobilien Theme\" srcset=\"https:\/\/bo-themes.de\/wordpress-immobilien-themes\/home-v1\/wp-content\/uploads\/sites\/2\/2019\/12\/home-immobilien-objekt2-424x283.jpg 424w, https:\/\/bo-themes.de\/wordpress-immobilien-themes\/home-v1\/wp-content\/uploads\/sites\/2\/2019\/12\/home-immobilien-objekt2-1000x665.jpg 1000w, https:\/\/bo-themes.de\/wordpress-immobilien-themes\/home-v1\/wp-content\/uploads\/sites\/2\/2019\/12\/home-immobilien-objekt2-2000x1330.jpg 2000w, https:\/\/bo-themes.de\/wordpress-immobilien-themes\/home-v1\/wp-content\/uploads\/sites\/2\/2019\/12\/home-immobilien-objekt2-824x550.jpg 824w, https:\/\/bo-themes.de\/wordpress-immobilien-themes\/home-v1\/wp-content\/uploads\/sites\/2\/2019\/12\/home-immobilien-objekt2-1648x1100.jpg 1648w, https:\/\/bo-themes.de\/wordpress-immobilien-themes\/home-v1\/wp-content\/uploads\/sites\/2\/2019\/12\/home-immobilien-objekt2-650x434.jpg 650w, https:\/\/bo-themes.de\/wordpress-immobilien-themes\/home-v1\/wp-content\/uploads\/sites\/2\/2019\/12\/home-immobilien-objekt2-1300x868.jpg 1300w, https:\/\/bo-themes.de\/wordpress-immobilien-themes\/home-v1\/wp-content\/uploads\/sites\/2\/2019\/12\/home-immobilien-objekt2-848x566.jpg 848w, https:\/\/bo-themes.de\/wordpress-immobilien-themes\/home-v1\/wp-content\/uploads\/sites\/2\/2019\/12\/home-immobilien-objekt2-325x217.jpg 325w\" sizes=\"auto, (max-width: 424px) 100vw, 424px\" \/><\/a><\/div>\t\t\t\n\t<h2>Gewerbeobjekt mit Lagerhalle<\/h2>\n<div class=\"bo-property-data\">  \n<div class=\"bo-property-location\">             \nD\u00fcsseldorf\t&nbsp; | &nbsp; Gewerbe<\/div>  \n<\/div>  \n\n<div class=\"bo-property-icons\">\n<span class=\"bo-property-size\"><i class=\"icofont-drag2\"><\/i>\n640m&sup2;&nbsp; \n<\/span><span class=\"bo-property-rooms\"><i class=\"icofont-key-hole\"><\/i> \n2 Zimmer<\/span>\n<\/div>\n \n\n<div class=\"bo-property-more\" title=\"Details ansehen zu Gewerbeobjekt mit Lagerhalle\"><a href=\"https:\/\/bo-themes.de\/wordpress-immobilien-themes\/home-v1\/referenz\/gewerbeobjekt-mit-lagerhalle\/\" rel=\"bookmark\" title=\"Details ansehen zu Gewerbeobjekt mit Lagerhalle\">Details ansehen &raquo; <\/a><\/div>        <\/div><\/div>\n<div class=\"bo-property-box has-3-boxes\">\n<div class=\"bo-property-content\">\n<div class=\"bo-property-image image-col-3\">\n\t\t\n<div class=\"bo-property-marker\">Vermietet<\/div> <a href=\"https:\/\/bo-themes.de\/wordpress-immobilien-themes\/home-v1\/referenz\/luxus-appartement\/\" rel=\"bookmark\" title=\"Details ansehen zu Luxus Appartement\">\n<img loading=\"lazy\" decoding=\"async\" width=\"424\" height=\"283\" src=\"https:\/\/bo-themes.de\/wordpress-immobilien-themes\/home-v1\/wp-content\/uploads\/sites\/2\/2019\/12\/home-immobilien-objekt5-424x283.jpg\" class=\"img-responsive wp-post-image\" alt=\"HOME - WordPress Immobilien Theme\" srcset=\"https:\/\/bo-themes.de\/wordpress-immobilien-themes\/home-v1\/wp-content\/uploads\/sites\/2\/2019\/12\/home-immobilien-objekt5-424x283.jpg 424w, https:\/\/bo-themes.de\/wordpress-immobilien-themes\/home-v1\/wp-content\/uploads\/sites\/2\/2019\/12\/home-immobilien-objekt5-300x200.jpg 300w, https:\/\/bo-themes.de\/wordpress-immobilien-themes\/home-v1\/wp-content\/uploads\/sites\/2\/2019\/12\/home-immobilien-objekt5-1024x683.jpg 1024w, https:\/\/bo-themes.de\/wordpress-immobilien-themes\/home-v1\/wp-content\/uploads\/sites\/2\/2019\/12\/home-immobilien-objekt5-768x512.jpg 768w, https:\/\/bo-themes.de\/wordpress-immobilien-themes\/home-v1\/wp-content\/uploads\/sites\/2\/2019\/12\/home-immobilien-objekt5-430x287.jpg 430w, https:\/\/bo-themes.de\/wordpress-immobilien-themes\/home-v1\/wp-content\/uploads\/sites\/2\/2019\/12\/home-immobilien-objekt5-1000x665.jpg 1000w, https:\/\/bo-themes.de\/wordpress-immobilien-themes\/home-v1\/wp-content\/uploads\/sites\/2\/2019\/12\/home-immobilien-objekt5-2000x1330.jpg 2000w, https:\/\/bo-themes.de\/wordpress-immobilien-themes\/home-v1\/wp-content\/uploads\/sites\/2\/2019\/12\/home-immobilien-objekt5-824x550.jpg 824w, https:\/\/bo-themes.de\/wordpress-immobilien-themes\/home-v1\/wp-content\/uploads\/sites\/2\/2019\/12\/home-immobilien-objekt5-1648x1100.jpg 1648w, https:\/\/bo-themes.de\/wordpress-immobilien-themes\/home-v1\/wp-content\/uploads\/sites\/2\/2019\/12\/home-immobilien-objekt5-650x434.jpg 650w, https:\/\/bo-themes.de\/wordpress-immobilien-themes\/home-v1\/wp-content\/uploads\/sites\/2\/2019\/12\/home-immobilien-objekt5-1300x868.jpg 1300w, https:\/\/bo-themes.de\/wordpress-immobilien-themes\/home-v1\/wp-content\/uploads\/sites\/2\/2019\/12\/home-immobilien-objekt5-848x566.jpg 848w, https:\/\/bo-themes.de\/wordpress-immobilien-themes\/home-v1\/wp-content\/uploads\/sites\/2\/2019\/12\/home-immobilien-objekt5-325x217.jpg 325w\" sizes=\"auto, (max-width: 424px) 100vw, 424px\" \/><\/a><\/div>\t\t\t\n\t<h2>Luxus Appartement<\/h2>\n<div class=\"bo-property-data\">  \n<div class=\"bo-property-location\">             \nD\u00fcsseldorf\t&nbsp; | &nbsp; Wohnung<\/div>  \n<\/div>  \n\n<div class=\"bo-property-icons\">\n<span class=\"bo-property-size\"><i class=\"icofont-drag2\"><\/i>\n120m&sup2;&nbsp; \n<\/span><span class=\"bo-property-rooms\"><i class=\"icofont-key-hole\"><\/i> \n3 Zimmer<\/span>\n<\/div>\n \n\n<div class=\"bo-property-more\" title=\"Details ansehen zu Luxus Appartement\"><a href=\"https:\/\/bo-themes.de\/wordpress-immobilien-themes\/home-v1\/referenz\/luxus-appartement\/\" rel=\"bookmark\" title=\"Details ansehen zu Luxus Appartement\">Details ansehen &raquo; <\/a><\/div>        <\/div><\/div>\n<\/section>\n\n\n\n<div style=\"height:30px\" aria-hidden=\"true\" class=\"wp-block-spacer\"><\/div>\n\n\n\n<div style=\"height:80px\" aria-hidden=\"true\" class=\"wp-block-spacer\"><\/div>\n\n\n<a name=\"about\" id=\"about\" ><\/a>\n\n<div class=\"bo-double-box bo-double-desktop aligncontent\">\n\t\n<div class=\"bo-double-second\"  style=\"margin-right:15px; width:calc(50% - 15px);border-radius:2px;\"><div class=\"bo-double-img\" style=\"background:url(https:\/\/bo-themes.de\/wordpress-immobilien-themes\/home-v1\/wp-content\/uploads\/sites\/2\/2022\/08\/home-team.jpg) center center; background-size: cover; height:460px;\"><\/div><\/div>\n<div class=\"bo-double-first\" style=\"background:#f0f1f6; border-radius:2px; margin-left:15px; width:calc(50% - 15px);\">\n<div class=\"bo-double-text-right\" >\n<h2>Wir sind Immobilienprofis seit 2010<\/h2><h3>Bewertung | Gutachten | Vermarktung<\/h3><p>Lorem ipsum dolor sit amet, consetetur sadipscing elitr, sed diam nonumy eirmod tempor invidunt ut labore et dolore magna aliquyam erat, sed diam voluptua.<\/p>\n<div class=\"bo-content-button\"><a style=\"border-color: #c67814; color:#c67814;\" class=\"bo-scroll-button\" href=\"https:\/\/bo-themes.de\/wordpress-immobilien-themes\/home-v1\/verkauf-vermietung\/\" target=\"_self\" ><span>Hier erfahren Sie mehr<\/span><\/a><\/div>\t\n\t\n<\/div><\/div>\n\t\t<\/div>\n\n<div class=\"bo-double-box bo-double-mobile aligncontent\" >\n<div class=\"bo-double-first\" style=\"background:#f0f1f6; border-radius:2px;\">\t\n<div class=\"bo-double-text\" >\n<h2>Wir sind Immobilienprofis seit 2010<\/h2><h3>Bewertung | Gutachten | Vermarktung<\/h3><p>Lorem ipsum dolor sit amet, consetetur sadipscing elitr, sed diam nonumy eirmod tempor invidunt ut labore et dolore magna aliquyam erat, sed diam voluptua.<\/p>\n<div class=\"bo-content-button\"><a style=\"border-color: #c67814; color:#c67814;\" class=\"bo-scroll-button\" href=\"https:\/\/bo-themes.de\/wordpress-immobilien-themes\/home-v1\/verkauf-vermietung\/\" target=\"_self\" ><span>Hier erfahren Sie mehr<\/span><\/a><\/div>\t\n\t\n\t<\/div><\/div>\n<div class=\"bo-double-second\"><div class=\"bo-double-img\" style=\"background:url(https:\/\/bo-themes.de\/wordpress-immobilien-themes\/home-v1\/wp-content\/uploads\/sites\/2\/2022\/08\/home-team.jpg) center center; background-size: cover;   border-radius:2px; height:230px; \"><\/div><\/div>\n<\/div>\n\n\n<div style=\"height:60px\" aria-hidden=\"true\" class=\"wp-block-spacer\"><\/div>\n\n\n<a name=\"kontakt\" id=\"kontakt\" ><\/a>\n\n<div class=\"slogan center \">\n<div class=\"preambel\">\n<span style=\"color:#c67814;\">Wir beraten Sie gerne<\/span>\n<\/div>\n<h2 style=\"font-size:36px;color:#484B59\" ><span class=\"slogan-mobile\">Sie haben Fragen? Kontaktieren Sie uns<\/span><\/h2><span style=\"background:#c67814\"><\/span><\/div>\n\n\n<div style=\"height:30px\" aria-hidden=\"true\" class=\"wp-block-spacer\"><\/div>\n\n\n\n<div class=\"wp-block-group has-max-width-80\"><div class=\"wp-block-group__inner-container is-layout-flow wp-block-group-is-layout-flow\">\n<div class=\"wpcf7 no-js\" id=\"wpcf7-f8-o1\" lang=\"de-DE\" dir=\"ltr\" data-wpcf7-id=\"8\">\n<div class=\"screen-reader-response\"><p role=\"status\" aria-live=\"polite\" aria-atomic=\"true\"><\/p> <ul><\/ul><\/div>\n<form action=\"\/wordpress-immobilien-themes\/home-v1\/wp-json\/wp\/v2\/pages\/14663#wpcf7-f8-o1\" method=\"post\" class=\"wpcf7-form init\" aria-label=\"Kontaktformular\" novalidate=\"novalidate\" data-status=\"init\">\n<fieldset class=\"hidden-fields-container\"><input type=\"hidden\" name=\"_wpcf7\" value=\"8\" \/><input type=\"hidden\" name=\"_wpcf7_version\" value=\"6.1.4\" \/><input type=\"hidden\" name=\"_wpcf7_locale\" value=\"de_DE\" \/><input type=\"hidden\" name=\"_wpcf7_unit_tag\" value=\"wpcf7-f8-o1\" \/><input type=\"hidden\" name=\"_wpcf7_container_post\" value=\"0\" \/><input type=\"hidden\" name=\"_wpcf7_posted_data_hash\" value=\"\" \/>\n<\/fieldset>\n<div class=\"bo-home-form\">\n\t<div class=\"form-row\">\n\t\t<div class=\"form-item\">\n\t\t\t<p><span class=\"wpcf7-form-control-wrap\" data-name=\"kontakt-vorname\"><input size=\"40\" maxlength=\"400\" class=\"wpcf7-form-control wpcf7-text wpcf7-validates-as-required\" tabindex=\"1\" aria-required=\"true\" aria-invalid=\"false\" placeholder=\"Vorname *\" value=\"\" type=\"text\" name=\"kontakt-vorname\" \/><\/span>\n\t\t\t<\/p>\n\t\t<\/div>\n\t\t<div class=\"form-item\">\n\t\t\t<p><span class=\"wpcf7-form-control-wrap\" data-name=\"kontakt-mail\"><input size=\"40\" maxlength=\"400\" class=\"wpcf7-form-control wpcf7-email wpcf7-validates-as-required wpcf7-text wpcf7-validates-as-email\" tabindex=\"3\" aria-required=\"true\" aria-invalid=\"false\" placeholder=\"E-Mail Adresse *\" value=\"\" type=\"email\" name=\"kontakt-mail\" \/><\/span>\n\t\t\t<\/p>\n\t\t<\/div>\n\t<\/div>\n\t<div class=\"form-row\">\n\t\t<div class=\"form-item\">\n\t\t\t<p><span class=\"wpcf7-form-control-wrap\" data-name=\"kontakt-nachname\"><input size=\"40\" maxlength=\"400\" class=\"wpcf7-form-control wpcf7-text wpcf7-validates-as-required\" tabindex=\"2\" aria-required=\"true\" aria-invalid=\"false\" placeholder=\"Nachname *\" value=\"\" type=\"text\" name=\"kontakt-nachname\" \/><\/span>\n\t\t\t<\/p>\n\t\t<\/div>\n\t\t<div class=\"form-item\">\n\t\t\t<p><span class=\"wpcf7-form-control-wrap\" data-name=\"kontakt-telefon\"><input size=\"40\" maxlength=\"400\" class=\"wpcf7-form-control wpcf7-tel wpcf7-validates-as-required wpcf7-text wpcf7-validates-as-tel\" tabindex=\"4\" aria-required=\"true\" aria-invalid=\"false\" placeholder=\"Telefonnummer *\" value=\"\" type=\"tel\" name=\"kontakt-telefon\" \/><\/span>\n\t\t\t<\/p>\n\t\t<\/div>\n\t<\/div>\n\t<p><span class=\"wpcf7-form-control-wrap\" data-name=\"kontakt-nachricht\"><textarea cols=\"40\" rows=\"7\" maxlength=\"2000\" class=\"wpcf7-form-control wpcf7-textarea wpcf7-validates-as-required\" tabindex=\"5\" aria-required=\"true\" aria-invalid=\"false\" placeholder=\"F\u00fcr Ihre Nachricht\" name=\"kontakt-nachricht\"><\/textarea><\/span><br \/>\n<span class=\"wpcf7-form-control-wrap\" data-name=\"acceptance-ds\"><span class=\"wpcf7-form-control wpcf7-acceptance\"><span class=\"wpcf7-list-item\"><label><input type=\"checkbox\" name=\"acceptance-ds\" value=\"1\" aria-invalid=\"false\" \/><span class=\"wpcf7-list-item-label\">Ja, ich habe die <a href=\"\/datenschutzerklaerung\">Datenschutzerkl\u00e4rung<\/a> zur Kenntnis genommen und bin damit einverstanden, dass meine Daten zur zweckgebundenen Bearbeitung meiner Nachricht elektronisch erhoben und gespeichert werden.*<\/span><\/label><\/span><\/span><\/span><br \/>\n<input class=\"wpcf7-form-control wpcf7-submit has-spinner\" type=\"submit\" value=\"Nachricht absenden\" \/>\n\t<\/p>\n<\/div><div class=\"wpcf7-response-output\" aria-hidden=\"true\"><\/div>\n<\/form>\n<\/div>\n\n<\/div><\/div>\n\n\n\n<div style=\"height:30px\" aria-hidden=\"true\" class=\"wp-block-spacer\"><\/div>\n\n\n\n<div style=\"height:30px\" aria-hidden=\"true\" class=\"wp-block-spacer\"><\/div>\n\n\n\n<div class=\"wp-block-cover alignfull has-parallax\" style=\"min-height:500px;aspect-ratio:unset;\"><span aria-hidden=\"true\" class=\"wp-block-cover__background has-black-background-color has-background-dim-30 has-background-dim\"><\/span><div class=\"wp-block-cover__image-background wp-image-14897 has-parallax\" style=\"background-position:50% 50%;background-image:url(https:\/\/bo-themes.de\/wordpress-immobilien-themes\/home-v1\/wp-content\/uploads\/sites\/2\/2022\/10\/home-immobilien-back-1.jpg)\"><\/div><div class=\"wp-block-cover__inner-container is-layout-flow wp-block-cover-is-layout-flow\">\n<p class=\"has-text-align-center has-large-font-size\"><\/p>\n<\/div><\/div>\n","protected":false},"excerpt":{"rendered":"","protected":false},"author":2,"featured_media":0,"parent":15285,"menu_order":15,"comment_status":"closed","ping_status":"closed","template":"landingpage2.php","meta":{"footnotes":""},"class_list":["post-14663","page","type-page","status-publish","hentry"],"yoast_head":"<!-- This site is optimized with the Yoast SEO plugin v26.5 - https:\/\/yoast.com\/wordpress\/plugins\/seo\/ -->\n<title>LandingPage\/onePage - V2 - BO HOME V1<\/title>\n<meta name=\"description\" content=\"Dies ist eine Demo-Webseite f\u00fcr HOME V1 - ein Immobilien-Theme f\u00fcr WordPress von Brings - B\u00fcro f\u00fcr Webentwicklung\" \/>\n<meta name=\"robots\" content=\"index, follow, max-snippet:-1, max-image-preview:large, max-video-preview:-1\" \/>\n<link rel=\"canonical\" href=\"https:\/\/bo-themes.de\/wordpress-immobilien-themes\/home-v1\/start\/landing-beispiel-2\/\" \/>\n<meta property=\"og:locale\" content=\"de_DE\" \/>\n<meta property=\"og:type\" content=\"article\" \/>\n<meta property=\"og:title\" content=\"LandingPage\/onePage - V2 - BO HOME V1\" \/>\n<meta property=\"og:description\" content=\"Dies ist eine Demo-Webseite f\u00fcr HOME V1 - ein Immobilien-Theme f\u00fcr WordPress von Brings - B\u00fcro f\u00fcr Webentwicklung\" \/>\n<meta property=\"og:url\" content=\"https:\/\/bo-themes.de\/wordpress-immobilien-themes\/home-v1\/start\/landing-beispiel-2\/\" \/>\n<meta property=\"og:site_name\" content=\"BO HOME V1\" \/>\n<meta property=\"article:modified_time\" content=\"2025-04-11T13:04:22+00:00\" \/>\n<meta property=\"og:image\" content=\"https:\/\/bo-themes.de\/wordpress-immobilien-themes\/home-v1\/wp-content\/uploads\/sites\/2\/2025\/04\/slide-demos-2a.webp\" \/>\n\t<meta property=\"og:image:width\" content=\"1200\" \/>\n\t<meta property=\"og:image:height\" content=\"732\" \/>\n\t<meta property=\"og:image:type\" content=\"image\/webp\" \/>\n<meta name=\"twitter:card\" content=\"summary_large_image\" \/>\n<meta name=\"twitter:label1\" content=\"Gesch\u00e4tzte Lesezeit\" \/>\n\t<meta name=\"twitter:data1\" content=\"1\u00a0Minute\" \/>\n<script type=\"application\/ld+json\" class=\"yoast-schema-graph\">{\"@context\":\"https:\/\/schema.org\",\"@graph\":[{\"@type\":\"WebPage\",\"@id\":\"https:\/\/bo-themes.de\/wordpress-immobilien-themes\/home-v1\/start\/landing-beispiel-2\/\",\"url\":\"https:\/\/bo-themes.de\/wordpress-immobilien-themes\/home-v1\/start\/landing-beispiel-2\/\",\"name\":\"LandingPage\/onePage - V2 - BO HOME V1\",\"isPartOf\":{\"@id\":\"https:\/\/bo-themes.de\/wordpress-immobilien-themes\/home-v1\/#website\"},\"datePublished\":\"2022-08-19T16:34:55+00:00\",\"dateModified\":\"2025-04-11T13:04:22+00:00\",\"description\":\"Dies ist eine Demo-Webseite f\u00fcr HOME V1 - ein Immobilien-Theme f\u00fcr WordPress von Brings - B\u00fcro f\u00fcr Webentwicklung\",\"breadcrumb\":{\"@id\":\"https:\/\/bo-themes.de\/wordpress-immobilien-themes\/home-v1\/start\/landing-beispiel-2\/#breadcrumb\"},\"inLanguage\":\"de\",\"potentialAction\":[{\"@type\":\"ReadAction\",\"target\":[\"https:\/\/bo-themes.de\/wordpress-immobilien-themes\/home-v1\/start\/landing-beispiel-2\/\"]}]},{\"@type\":\"BreadcrumbList\",\"@id\":\"https:\/\/bo-themes.de\/wordpress-immobilien-themes\/home-v1\/start\/landing-beispiel-2\/#breadcrumb\",\"itemListElement\":[{\"@type\":\"ListItem\",\"position\":1,\"name\":\"Startseite\",\"item\":\"https:\/\/bo-themes.de\/wordpress-immobilien-themes\/home-v1\/\"},{\"@type\":\"ListItem\",\"position\":2,\"name\":\"Start\",\"item\":\"https:\/\/bo-themes.de\/wordpress-immobilien-themes\/home-v1\/\"},{\"@type\":\"ListItem\",\"position\":3,\"name\":\"LandingPage\/onePage &#8211; V2\"}]},{\"@type\":\"WebSite\",\"@id\":\"https:\/\/bo-themes.de\/wordpress-immobilien-themes\/home-v1\/#website\",\"url\":\"https:\/\/bo-themes.de\/wordpress-immobilien-themes\/home-v1\/\",\"name\":\"BO HOME V1 - Immobilien-Theme f\u00fcr WordPress\",\"description\":\"WordPress Theme f\u00fcr Immobilien-Webseiten\",\"publisher\":{\"@id\":\"https:\/\/bo-themes.de\/wordpress-immobilien-themes\/home-v1\/#organization\"},\"alternateName\":\"BO HOME V1\",\"potentialAction\":[{\"@type\":\"SearchAction\",\"target\":{\"@type\":\"EntryPoint\",\"urlTemplate\":\"https:\/\/bo-themes.de\/wordpress-immobilien-themes\/home-v1\/?s={search_term_string}\"},\"query-input\":{\"@type\":\"PropertyValueSpecification\",\"valueRequired\":true,\"valueName\":\"search_term_string\"}}],\"inLanguage\":\"de\"},{\"@type\":\"Organization\",\"@id\":\"https:\/\/bo-themes.de\/wordpress-immobilien-themes\/home-v1\/#organization\",\"name\":\"BO HOME V1 - Immobilien-Theme f\u00fcr WordPress\",\"alternateName\":\"BO HOME V1\",\"url\":\"https:\/\/bo-themes.de\/wordpress-immobilien-themes\/home-v1\/\",\"logo\":{\"@type\":\"ImageObject\",\"inLanguage\":\"de\",\"@id\":\"https:\/\/bo-themes.de\/wordpress-immobilien-themes\/home-v1\/#\/schema\/logo\/image\/\",\"url\":\"https:\/\/bo-themes.de\/wordpress-immobilien-themes\/home-v1\/wp-content\/uploads\/sites\/2\/2025\/03\/brings-online-themes-icon.png\",\"contentUrl\":\"https:\/\/bo-themes.de\/wordpress-immobilien-themes\/home-v1\/wp-content\/uploads\/sites\/2\/2025\/03\/brings-online-themes-icon.png\",\"width\":512,\"height\":512,\"caption\":\"BO HOME V1 - Immobilien-Theme f\u00fcr WordPress\"},\"image\":{\"@id\":\"https:\/\/bo-themes.de\/wordpress-immobilien-themes\/home-v1\/#\/schema\/logo\/image\/\"}}]}<\/script>\n<!-- \/ Yoast SEO plugin. -->","yoast_head_json":{"title":"LandingPage\/onePage - V2 - BO HOME V1","description":"Dies ist eine Demo-Webseite f\u00fcr HOME V1 - ein Immobilien-Theme f\u00fcr WordPress von Brings - B\u00fcro f\u00fcr Webentwicklung","robots":{"index":"index","follow":"follow","max-snippet":"max-snippet:-1","max-image-preview":"max-image-preview:large","max-video-preview":"max-video-preview:-1"},"canonical":"https:\/\/bo-themes.de\/wordpress-immobilien-themes\/home-v1\/start\/landing-beispiel-2\/","og_locale":"de_DE","og_type":"article","og_title":"LandingPage\/onePage - V2 - BO HOME V1","og_description":"Dies ist eine Demo-Webseite f\u00fcr HOME V1 - ein Immobilien-Theme f\u00fcr WordPress von Brings - B\u00fcro f\u00fcr Webentwicklung","og_url":"https:\/\/bo-themes.de\/wordpress-immobilien-themes\/home-v1\/start\/landing-beispiel-2\/","og_site_name":"BO HOME V1","article_modified_time":"2025-04-11T13:04:22+00:00","og_image":[{"width":1200,"height":732,"url":"https:\/\/bo-themes.de\/wordpress-immobilien-themes\/home-v1\/wp-content\/uploads\/sites\/2\/2025\/04\/slide-demos-2a.webp","type":"image\/webp"}],"twitter_card":"summary_large_image","twitter_misc":{"Gesch\u00e4tzte Lesezeit":"1\u00a0Minute"},"schema":{"@context":"https:\/\/schema.org","@graph":[{"@type":"WebPage","@id":"https:\/\/bo-themes.de\/wordpress-immobilien-themes\/home-v1\/start\/landing-beispiel-2\/","url":"https:\/\/bo-themes.de\/wordpress-immobilien-themes\/home-v1\/start\/landing-beispiel-2\/","name":"LandingPage\/onePage - V2 - BO HOME V1","isPartOf":{"@id":"https:\/\/bo-themes.de\/wordpress-immobilien-themes\/home-v1\/#website"},"datePublished":"2022-08-19T16:34:55+00:00","dateModified":"2025-04-11T13:04:22+00:00","description":"Dies ist eine Demo-Webseite f\u00fcr HOME V1 - ein Immobilien-Theme f\u00fcr WordPress von Brings - B\u00fcro f\u00fcr Webentwicklung","breadcrumb":{"@id":"https:\/\/bo-themes.de\/wordpress-immobilien-themes\/home-v1\/start\/landing-beispiel-2\/#breadcrumb"},"inLanguage":"de","potentialAction":[{"@type":"ReadAction","target":["https:\/\/bo-themes.de\/wordpress-immobilien-themes\/home-v1\/start\/landing-beispiel-2\/"]}]},{"@type":"BreadcrumbList","@id":"https:\/\/bo-themes.de\/wordpress-immobilien-themes\/home-v1\/start\/landing-beispiel-2\/#breadcrumb","itemListElement":[{"@type":"ListItem","position":1,"name":"Startseite","item":"https:\/\/bo-themes.de\/wordpress-immobilien-themes\/home-v1\/"},{"@type":"ListItem","position":2,"name":"Start","item":"https:\/\/bo-themes.de\/wordpress-immobilien-themes\/home-v1\/"},{"@type":"ListItem","position":3,"name":"LandingPage\/onePage &#8211; V2"}]},{"@type":"WebSite","@id":"https:\/\/bo-themes.de\/wordpress-immobilien-themes\/home-v1\/#website","url":"https:\/\/bo-themes.de\/wordpress-immobilien-themes\/home-v1\/","name":"BO HOME V1 - Immobilien-Theme f\u00fcr WordPress","description":"WordPress Theme f\u00fcr Immobilien-Webseiten","publisher":{"@id":"https:\/\/bo-themes.de\/wordpress-immobilien-themes\/home-v1\/#organization"},"alternateName":"BO HOME V1","potentialAction":[{"@type":"SearchAction","target":{"@type":"EntryPoint","urlTemplate":"https:\/\/bo-themes.de\/wordpress-immobilien-themes\/home-v1\/?s={search_term_string}"},"query-input":{"@type":"PropertyValueSpecification","valueRequired":true,"valueName":"search_term_string"}}],"inLanguage":"de"},{"@type":"Organization","@id":"https:\/\/bo-themes.de\/wordpress-immobilien-themes\/home-v1\/#organization","name":"BO HOME V1 - Immobilien-Theme f\u00fcr WordPress","alternateName":"BO HOME V1","url":"https:\/\/bo-themes.de\/wordpress-immobilien-themes\/home-v1\/","logo":{"@type":"ImageObject","inLanguage":"de","@id":"https:\/\/bo-themes.de\/wordpress-immobilien-themes\/home-v1\/#\/schema\/logo\/image\/","url":"https:\/\/bo-themes.de\/wordpress-immobilien-themes\/home-v1\/wp-content\/uploads\/sites\/2\/2025\/03\/brings-online-themes-icon.png","contentUrl":"https:\/\/bo-themes.de\/wordpress-immobilien-themes\/home-v1\/wp-content\/uploads\/sites\/2\/2025\/03\/brings-online-themes-icon.png","width":512,"height":512,"caption":"BO HOME V1 - Immobilien-Theme f\u00fcr WordPress"},"image":{"@id":"https:\/\/bo-themes.de\/wordpress-immobilien-themes\/home-v1\/#\/schema\/logo\/image\/"}}]}},"_links":{"self":[{"href":"https:\/\/bo-themes.de\/wordpress-immobilien-themes\/home-v1\/wp-json\/wp\/v2\/pages\/14663","targetHints":{"allow":["GET"]}}],"collection":[{"href":"https:\/\/bo-themes.de\/wordpress-immobilien-themes\/home-v1\/wp-json\/wp\/v2\/pages"}],"about":[{"href":"https:\/\/bo-themes.de\/wordpress-immobilien-themes\/home-v1\/wp-json\/wp\/v2\/types\/page"}],"author":[{"embeddable":true,"href":"https:\/\/bo-themes.de\/wordpress-immobilien-themes\/home-v1\/wp-json\/wp\/v2\/users\/2"}],"replies":[{"embeddable":true,"href":"https:\/\/bo-themes.de\/wordpress-immobilien-themes\/home-v1\/wp-json\/wp\/v2\/comments?post=14663"}],"version-history":[{"count":1,"href":"https:\/\/bo-themes.de\/wordpress-immobilien-themes\/home-v1\/wp-json\/wp\/v2\/pages\/14663\/revisions"}],"predecessor-version":[{"id":15402,"href":"https:\/\/bo-themes.de\/wordpress-immobilien-themes\/home-v1\/wp-json\/wp\/v2\/pages\/14663\/revisions\/15402"}],"up":[{"embeddable":true,"href":"https:\/\/bo-themes.de\/wordpress-immobilien-themes\/home-v1\/wp-json\/wp\/v2\/pages\/15285"}],"wp:attachment":[{"href":"https:\/\/bo-themes.de\/wordpress-immobilien-themes\/home-v1\/wp-json\/wp\/v2\/media?parent=14663"}],"curies":[{"name":"wp","href":"https:\/\/api.w.org\/{rel}","templated":true}]}}