{"id":7377,"date":"2019-12-01T12:13:08","date_gmt":"2019-12-01T11:13:08","guid":{"rendered":"https:\/\/brings-online.com\/demo\/wordpress-immobilien-theme-beladomo20\/?post_type=property&#038;p=7377"},"modified":"2025-03-23T13:02:30","modified_gmt":"2025-03-23T12:02:30","slug":"exklusives-wohnen-in-praemierter-wohnanlage","status":"publish","type":"property","link":"https:\/\/bo-themes.de\/wordpress-immobilien-themes\/bo-beladomo\/immobilie\/exklusives-wohnen-in-praemierter-wohnanlage\/","title":{"rendered":"Exklusives Wohnen in pr\u00e4mierter Wohnanlage"},"content":{"rendered":"\n<p>Lorem ipsum dolor sit amet, consectetur adipiscing elit, sed do eiusmod tempor incididunt ut labore et dolore magna aliqua. Accumsan in nisl nisi scelerisque eu ultrices vitae auctor. Eleifend mi in nulla posuere. Faucibus nisl tincidunt eget nullam non nisi est sit amet. Eget velit aliquet sagittis id consectetur purus ut faucibus pulvinar. Auctor augue mauris augue neque gravida in fermentum. Urna et pharetra pharetra massa massa ultricies.<\/p>\n\n\n\n<ul class=\"wp-block-list\">\n<li>Accumsan in nisl nisi scelerisque eu ultrices vitae auctor.<\/li>\n\n\n\n<li>Accumsan in nisl nisi scelerisque eu ultrices vitae auctor.<\/li>\n\n\n\n<li>Accumsan in nisl nisi scelerisque eu ultrices vitae auctor.<\/li>\n\n\n\n<li>Accumsan in nisl nisi scelerisque eu ultrices vitae auctor.<\/li>\n<\/ul>\n\n\n\n<p>Lorem ipsum dolor sit amet, consectetur adipiscing elit, sed do eiusmod tempor incididunt ut labore et dolore magna aliqua. Accumsan in nisl nisi scelerisque eu ultrices vitae auctor. Eleifend mi in nulla posuere. Faucibus nisl tincidunt eget nullam non nisi est sit amet. Eget velit aliquet sagittis id consectetur purus ut faucibus pulvinar. Auctor augue mauris augue neque gravida in fermentum. Urna et pharetra pharetra massa massa ultricies.<\/p>\n","protected":false},"excerpt":{"rendered":"<p>Lorem ipsum dolor sit amet, consectetur adipiscing elit, sed do eiusmod tempor incididunt ut labore et dolore magna aliqua. Accumsan <small class=\"highlight\">[&#8230;]<\/small><\/p>\n","protected":false},"author":3,"featured_media":13453,"template":"","meta":{"footnotes":""},"offertype":[70],"proptype":[38],"location":[36],"rooms":[59],"size":[15],"price":[19],"keyword":[39,43,49,51,67],"class_list":["post-7377","property","type-property","status-publish","has-post-thumbnail","hentry","offertype-verkauf","proptype-einfamilienhaus","location-duesseldorf","rooms-mehr-als-7","size-150-bis-200qm","price-200-000-bis-250-000","keyword-einfamilienhaus","keyword-garten","keyword-innenstadt","keyword-keller","keyword-terasse"],"yoast_head":"<!-- This site is optimized with the Yoast SEO plugin v26.5 - https:\/\/yoast.com\/wordpress\/plugins\/seo\/ -->\n<title>Exklusives Wohnen in pr\u00e4mierter Wohnanlage - BO Beladomo<\/title>\n<meta name=\"description\" content=\"Dies ist eine Demo-Webseite f\u00fcr Beladomo - einem Immobilien-Theme f\u00fcr WordPress von Brings - B\u00fcro f\u00fcr Webentwicklung\" \/>\n<meta name=\"robots\" content=\"index, follow, max-snippet:-1, max-image-preview:large, max-video-preview:-1\" \/>\n<link rel=\"canonical\" href=\"https:\/\/bo-themes.de\/wordpress-immobilien-themes\/bo-beladomo\/immobilie\/exklusives-wohnen-in-praemierter-wohnanlage\/\" \/>\n<meta property=\"og:locale\" content=\"de_DE\" \/>\n<meta property=\"og:type\" content=\"article\" \/>\n<meta property=\"og:title\" content=\"Exklusives Wohnen in pr\u00e4mierter Wohnanlage - BO Beladomo\" \/>\n<meta property=\"og:description\" content=\"Dies ist eine Demo-Webseite f\u00fcr Beladomo - einem Immobilien-Theme f\u00fcr WordPress von Brings - B\u00fcro f\u00fcr Webentwicklung\" \/>\n<meta property=\"og:url\" content=\"https:\/\/bo-themes.de\/wordpress-immobilien-themes\/bo-beladomo\/immobilie\/exklusives-wohnen-in-praemierter-wohnanlage\/\" \/>\n<meta property=\"og:site_name\" content=\"BO Beladomo\" \/>\n<meta property=\"article:modified_time\" content=\"2025-03-23T12:02:30+00:00\" \/>\n<meta property=\"og:image\" content=\"https:\/\/bo-themes.de\/wordpress-immobilien-themes\/bo-beladomo\/wp-content\/uploads\/sites\/5\/2025\/03\/beladomo-immobilien-testbild-unsplash-8.jpg\" \/>\n\t<meta property=\"og:image:width\" content=\"1600\" \/>\n\t<meta property=\"og:image:height\" content=\"1067\" \/>\n\t<meta property=\"og:image:type\" content=\"image\/jpeg\" \/>\n<meta name=\"twitter:card\" content=\"summary_large_image\" \/>\n<meta name=\"twitter:label1\" content=\"Gesch\u00e4tzte Lesezeit\" \/>\n\t<meta name=\"twitter:data1\" content=\"1\u00a0Minute\" \/>\n<script type=\"application\/ld+json\" class=\"yoast-schema-graph\">{\"@context\":\"https:\/\/schema.org\",\"@graph\":[{\"@type\":\"WebPage\",\"@id\":\"https:\/\/bo-themes.de\/wordpress-immobilien-themes\/bo-beladomo\/immobilie\/exklusives-wohnen-in-praemierter-wohnanlage\/\",\"url\":\"https:\/\/bo-themes.de\/wordpress-immobilien-themes\/bo-beladomo\/immobilie\/exklusives-wohnen-in-praemierter-wohnanlage\/\",\"name\":\"Exklusives Wohnen in pr\u00e4mierter Wohnanlage - BO Beladomo\",\"isPartOf\":{\"@id\":\"https:\/\/bo-themes.de\/wordpress-immobilien-themes\/bo-beladomo\/#website\"},\"primaryImageOfPage\":{\"@id\":\"https:\/\/bo-themes.de\/wordpress-immobilien-themes\/bo-beladomo\/immobilie\/exklusives-wohnen-in-praemierter-wohnanlage\/#primaryimage\"},\"image\":{\"@id\":\"https:\/\/bo-themes.de\/wordpress-immobilien-themes\/bo-beladomo\/immobilie\/exklusives-wohnen-in-praemierter-wohnanlage\/#primaryimage\"},\"thumbnailUrl\":\"https:\/\/bo-themes.de\/wordpress-immobilien-themes\/bo-beladomo\/wp-content\/uploads\/sites\/5\/2025\/03\/beladomo-immobilien-testbild-unsplash-8.jpg\",\"datePublished\":\"2019-12-01T11:13:08+00:00\",\"dateModified\":\"2025-03-23T12:02:30+00:00\",\"description\":\"Dies ist eine Demo-Webseite f\u00fcr Beladomo - einem Immobilien-Theme f\u00fcr WordPress von Brings - B\u00fcro f\u00fcr Webentwicklung\",\"breadcrumb\":{\"@id\":\"https:\/\/bo-themes.de\/wordpress-immobilien-themes\/bo-beladomo\/immobilie\/exklusives-wohnen-in-praemierter-wohnanlage\/#breadcrumb\"},\"inLanguage\":\"de\",\"potentialAction\":[{\"@type\":\"ReadAction\",\"target\":[\"https:\/\/bo-themes.de\/wordpress-immobilien-themes\/bo-beladomo\/immobilie\/exklusives-wohnen-in-praemierter-wohnanlage\/\"]}]},{\"@type\":\"ImageObject\",\"inLanguage\":\"de\",\"@id\":\"https:\/\/bo-themes.de\/wordpress-immobilien-themes\/bo-beladomo\/immobilie\/exklusives-wohnen-in-praemierter-wohnanlage\/#primaryimage\",\"url\":\"https:\/\/bo-themes.de\/wordpress-immobilien-themes\/bo-beladomo\/wp-content\/uploads\/sites\/5\/2025\/03\/beladomo-immobilien-testbild-unsplash-8.jpg\",\"contentUrl\":\"https:\/\/bo-themes.de\/wordpress-immobilien-themes\/bo-beladomo\/wp-content\/uploads\/sites\/5\/2025\/03\/beladomo-immobilien-testbild-unsplash-8.jpg\",\"width\":1600,\"height\":1067,\"caption\":\"Beladomo Immobilien-Theme f\u00fcr WordPress\"},{\"@type\":\"BreadcrumbList\",\"@id\":\"https:\/\/bo-themes.de\/wordpress-immobilien-themes\/bo-beladomo\/immobilie\/exklusives-wohnen-in-praemierter-wohnanlage\/#breadcrumb\",\"itemListElement\":[{\"@type\":\"ListItem\",\"position\":1,\"name\":\"Startseite\",\"item\":\"https:\/\/bo-themes.de\/wordpress-immobilien-themes\/bo-beladomo\/\"},{\"@type\":\"ListItem\",\"position\":2,\"name\":\"Immobilien\",\"item\":\"https:\/\/bo-themes.de\/wordpress-immobilien-themes\/bo-beladomo\/immobilie\/\"},{\"@type\":\"ListItem\",\"position\":3,\"name\":\"Exklusives Wohnen in pr\u00e4mierter Wohnanlage\"}]},{\"@type\":\"WebSite\",\"@id\":\"https:\/\/bo-themes.de\/wordpress-immobilien-themes\/bo-beladomo\/#website\",\"url\":\"https:\/\/bo-themes.de\/wordpress-immobilien-themes\/bo-beladomo\/\",\"name\":\"BO Beladomo - Immobilien-Theme f\u00fcr WordPress\",\"description\":\"WordPress Theme f\u00fcr Immobilien-Webseiten\",\"publisher\":{\"@id\":\"https:\/\/bo-themes.de\/wordpress-immobilien-themes\/bo-beladomo\/#organization\"},\"alternateName\":\"BO Beladomo\",\"potentialAction\":[{\"@type\":\"SearchAction\",\"target\":{\"@type\":\"EntryPoint\",\"urlTemplate\":\"https:\/\/bo-themes.de\/wordpress-immobilien-themes\/bo-beladomo\/?s={search_term_string}\"},\"query-input\":{\"@type\":\"PropertyValueSpecification\",\"valueRequired\":true,\"valueName\":\"search_term_string\"}}],\"inLanguage\":\"de\"},{\"@type\":\"Organization\",\"@id\":\"https:\/\/bo-themes.de\/wordpress-immobilien-themes\/bo-beladomo\/#organization\",\"name\":\"BO Beladomo - Immobilien-Theme f\u00fcr WordPress\",\"alternateName\":\"BO Beladomo\",\"url\":\"https:\/\/bo-themes.de\/wordpress-immobilien-themes\/bo-beladomo\/\",\"logo\":{\"@type\":\"ImageObject\",\"inLanguage\":\"de\",\"@id\":\"https:\/\/bo-themes.de\/wordpress-immobilien-themes\/bo-beladomo\/#\/schema\/logo\/image\/\",\"url\":\"https:\/\/bo-themes.de\/wordpress-immobilien-themes\/bo-beladomo\/wp-content\/uploads\/sites\/5\/2020\/01\/wpicon-brings.png\",\"contentUrl\":\"https:\/\/bo-themes.de\/wordpress-immobilien-themes\/bo-beladomo\/wp-content\/uploads\/sites\/5\/2020\/01\/wpicon-brings.png\",\"width\":512,\"height\":512,\"caption\":\"BO Beladomo - Immobilien-Theme f\u00fcr WordPress\"},\"image\":{\"@id\":\"https:\/\/bo-themes.de\/wordpress-immobilien-themes\/bo-beladomo\/#\/schema\/logo\/image\/\"}}]}<\/script>\n<!-- \/ Yoast SEO plugin. -->","yoast_head_json":{"title":"Exklusives Wohnen in pr\u00e4mierter Wohnanlage - BO Beladomo","description":"Dies ist eine Demo-Webseite f\u00fcr Beladomo - einem Immobilien-Theme f\u00fcr WordPress von Brings - B\u00fcro f\u00fcr Webentwicklung","robots":{"index":"index","follow":"follow","max-snippet":"max-snippet:-1","max-image-preview":"max-image-preview:large","max-video-preview":"max-video-preview:-1"},"canonical":"https:\/\/bo-themes.de\/wordpress-immobilien-themes\/bo-beladomo\/immobilie\/exklusives-wohnen-in-praemierter-wohnanlage\/","og_locale":"de_DE","og_type":"article","og_title":"Exklusives Wohnen in pr\u00e4mierter Wohnanlage - BO Beladomo","og_description":"Dies ist eine Demo-Webseite f\u00fcr Beladomo - einem Immobilien-Theme f\u00fcr WordPress von Brings - B\u00fcro f\u00fcr Webentwicklung","og_url":"https:\/\/bo-themes.de\/wordpress-immobilien-themes\/bo-beladomo\/immobilie\/exklusives-wohnen-in-praemierter-wohnanlage\/","og_site_name":"BO Beladomo","article_modified_time":"2025-03-23T12:02:30+00:00","og_image":[{"width":1600,"height":1067,"url":"https:\/\/bo-themes.de\/wordpress-immobilien-themes\/bo-beladomo\/wp-content\/uploads\/sites\/5\/2025\/03\/beladomo-immobilien-testbild-unsplash-8.jpg","type":"image\/jpeg"}],"twitter_card":"summary_large_image","twitter_misc":{"Gesch\u00e4tzte Lesezeit":"1\u00a0Minute"},"schema":{"@context":"https:\/\/schema.org","@graph":[{"@type":"WebPage","@id":"https:\/\/bo-themes.de\/wordpress-immobilien-themes\/bo-beladomo\/immobilie\/exklusives-wohnen-in-praemierter-wohnanlage\/","url":"https:\/\/bo-themes.de\/wordpress-immobilien-themes\/bo-beladomo\/immobilie\/exklusives-wohnen-in-praemierter-wohnanlage\/","name":"Exklusives Wohnen in pr\u00e4mierter Wohnanlage - BO Beladomo","isPartOf":{"@id":"https:\/\/bo-themes.de\/wordpress-immobilien-themes\/bo-beladomo\/#website"},"primaryImageOfPage":{"@id":"https:\/\/bo-themes.de\/wordpress-immobilien-themes\/bo-beladomo\/immobilie\/exklusives-wohnen-in-praemierter-wohnanlage\/#primaryimage"},"image":{"@id":"https:\/\/bo-themes.de\/wordpress-immobilien-themes\/bo-beladomo\/immobilie\/exklusives-wohnen-in-praemierter-wohnanlage\/#primaryimage"},"thumbnailUrl":"https:\/\/bo-themes.de\/wordpress-immobilien-themes\/bo-beladomo\/wp-content\/uploads\/sites\/5\/2025\/03\/beladomo-immobilien-testbild-unsplash-8.jpg","datePublished":"2019-12-01T11:13:08+00:00","dateModified":"2025-03-23T12:02:30+00:00","description":"Dies ist eine Demo-Webseite f\u00fcr Beladomo - einem Immobilien-Theme f\u00fcr WordPress von Brings - B\u00fcro f\u00fcr Webentwicklung","breadcrumb":{"@id":"https:\/\/bo-themes.de\/wordpress-immobilien-themes\/bo-beladomo\/immobilie\/exklusives-wohnen-in-praemierter-wohnanlage\/#breadcrumb"},"inLanguage":"de","potentialAction":[{"@type":"ReadAction","target":["https:\/\/bo-themes.de\/wordpress-immobilien-themes\/bo-beladomo\/immobilie\/exklusives-wohnen-in-praemierter-wohnanlage\/"]}]},{"@type":"ImageObject","inLanguage":"de","@id":"https:\/\/bo-themes.de\/wordpress-immobilien-themes\/bo-beladomo\/immobilie\/exklusives-wohnen-in-praemierter-wohnanlage\/#primaryimage","url":"https:\/\/bo-themes.de\/wordpress-immobilien-themes\/bo-beladomo\/wp-content\/uploads\/sites\/5\/2025\/03\/beladomo-immobilien-testbild-unsplash-8.jpg","contentUrl":"https:\/\/bo-themes.de\/wordpress-immobilien-themes\/bo-beladomo\/wp-content\/uploads\/sites\/5\/2025\/03\/beladomo-immobilien-testbild-unsplash-8.jpg","width":1600,"height":1067,"caption":"Beladomo Immobilien-Theme f\u00fcr WordPress"},{"@type":"BreadcrumbList","@id":"https:\/\/bo-themes.de\/wordpress-immobilien-themes\/bo-beladomo\/immobilie\/exklusives-wohnen-in-praemierter-wohnanlage\/#breadcrumb","itemListElement":[{"@type":"ListItem","position":1,"name":"Startseite","item":"https:\/\/bo-themes.de\/wordpress-immobilien-themes\/bo-beladomo\/"},{"@type":"ListItem","position":2,"name":"Immobilien","item":"https:\/\/bo-themes.de\/wordpress-immobilien-themes\/bo-beladomo\/immobilie\/"},{"@type":"ListItem","position":3,"name":"Exklusives Wohnen in pr\u00e4mierter Wohnanlage"}]},{"@type":"WebSite","@id":"https:\/\/bo-themes.de\/wordpress-immobilien-themes\/bo-beladomo\/#website","url":"https:\/\/bo-themes.de\/wordpress-immobilien-themes\/bo-beladomo\/","name":"BO Beladomo - Immobilien-Theme f\u00fcr WordPress","description":"WordPress Theme f\u00fcr Immobilien-Webseiten","publisher":{"@id":"https:\/\/bo-themes.de\/wordpress-immobilien-themes\/bo-beladomo\/#organization"},"alternateName":"BO Beladomo","potentialAction":[{"@type":"SearchAction","target":{"@type":"EntryPoint","urlTemplate":"https:\/\/bo-themes.de\/wordpress-immobilien-themes\/bo-beladomo\/?s={search_term_string}"},"query-input":{"@type":"PropertyValueSpecification","valueRequired":true,"valueName":"search_term_string"}}],"inLanguage":"de"},{"@type":"Organization","@id":"https:\/\/bo-themes.de\/wordpress-immobilien-themes\/bo-beladomo\/#organization","name":"BO Beladomo - Immobilien-Theme f\u00fcr WordPress","alternateName":"BO Beladomo","url":"https:\/\/bo-themes.de\/wordpress-immobilien-themes\/bo-beladomo\/","logo":{"@type":"ImageObject","inLanguage":"de","@id":"https:\/\/bo-themes.de\/wordpress-immobilien-themes\/bo-beladomo\/#\/schema\/logo\/image\/","url":"https:\/\/bo-themes.de\/wordpress-immobilien-themes\/bo-beladomo\/wp-content\/uploads\/sites\/5\/2020\/01\/wpicon-brings.png","contentUrl":"https:\/\/bo-themes.de\/wordpress-immobilien-themes\/bo-beladomo\/wp-content\/uploads\/sites\/5\/2020\/01\/wpicon-brings.png","width":512,"height":512,"caption":"BO Beladomo - Immobilien-Theme f\u00fcr WordPress"},"image":{"@id":"https:\/\/bo-themes.de\/wordpress-immobilien-themes\/bo-beladomo\/#\/schema\/logo\/image\/"}}]}},"_links":{"self":[{"href":"https:\/\/bo-themes.de\/wordpress-immobilien-themes\/bo-beladomo\/wp-json\/wp\/v2\/property\/7377","targetHints":{"allow":["GET"]}}],"collection":[{"href":"https:\/\/bo-themes.de\/wordpress-immobilien-themes\/bo-beladomo\/wp-json\/wp\/v2\/property"}],"about":[{"href":"https:\/\/bo-themes.de\/wordpress-immobilien-themes\/bo-beladomo\/wp-json\/wp\/v2\/types\/property"}],"author":[{"embeddable":true,"href":"https:\/\/bo-themes.de\/wordpress-immobilien-themes\/bo-beladomo\/wp-json\/wp\/v2\/users\/3"}],"version-history":[{"count":1,"href":"https:\/\/bo-themes.de\/wordpress-immobilien-themes\/bo-beladomo\/wp-json\/wp\/v2\/property\/7377\/revisions"}],"predecessor-version":[{"id":13528,"href":"https:\/\/bo-themes.de\/wordpress-immobilien-themes\/bo-beladomo\/wp-json\/wp\/v2\/property\/7377\/revisions\/13528"}],"wp:featuredmedia":[{"embeddable":true,"href":"https:\/\/bo-themes.de\/wordpress-immobilien-themes\/bo-beladomo\/wp-json\/wp\/v2\/media\/13453"}],"wp:attachment":[{"href":"https:\/\/bo-themes.de\/wordpress-immobilien-themes\/bo-beladomo\/wp-json\/wp\/v2\/media?parent=7377"}],"wp:term":[{"taxonomy":"offertype","embeddable":true,"href":"https:\/\/bo-themes.de\/wordpress-immobilien-themes\/bo-beladomo\/wp-json\/wp\/v2\/offertype?post=7377"},{"taxonomy":"proptype","embeddable":true,"href":"https:\/\/bo-themes.de\/wordpress-immobilien-themes\/bo-beladomo\/wp-json\/wp\/v2\/proptype?post=7377"},{"taxonomy":"location","embeddable":true,"href":"https:\/\/bo-themes.de\/wordpress-immobilien-themes\/bo-beladomo\/wp-json\/wp\/v2\/location?post=7377"},{"taxonomy":"rooms","embeddable":true,"href":"https:\/\/bo-themes.de\/wordpress-immobilien-themes\/bo-beladomo\/wp-json\/wp\/v2\/rooms?post=7377"},{"taxonomy":"size","embeddable":true,"href":"https:\/\/bo-themes.de\/wordpress-immobilien-themes\/bo-beladomo\/wp-json\/wp\/v2\/size?post=7377"},{"taxonomy":"price","embeddable":true,"href":"https:\/\/bo-themes.de\/wordpress-immobilien-themes\/bo-beladomo\/wp-json\/wp\/v2\/price?post=7377"},{"taxonomy":"keyword","embeddable":true,"href":"https:\/\/bo-themes.de\/wordpress-immobilien-themes\/bo-beladomo\/wp-json\/wp\/v2\/keyword?post=7377"}],"curies":[{"name":"wp","href":"https:\/\/api.w.org\/{rel}","templated":true}]}}